{"id":693,"date":"2023-12-11T07:34:54","date_gmt":"2023-12-11T10:34:54","guid":{"rendered":"https:\/\/jornalfax.net\/?page_id=693"},"modified":"2025-02-16T17:34:41","modified_gmt":"2025-02-16T20:34:41","slug":"home-2","status":"publish","type":"page","link":"https:\/\/jornalfax.net\/","title":{"rendered":"home"},"content":{"rendered":"\t\t<div data-elementor-type=\"wp-page\" data-elementor-id=\"693\" class=\"elementor elementor-693\">\n\t\t\t\t<div class=\"elementor-element elementor-element-ab5433b e-flex e-con-boxed e-con e-parent\" data-id=\"ab5433b\" data-element_type=\"container\">\n\t\t\t\t\t<div class=\"e-con-inner\">\n\t\t<div class=\"elementor-element elementor-element-237de3d e-con-full e-flex e-con e-child\" data-id=\"237de3d\" data-element_type=\"container\">\n\t\t\t\t<div class=\"elementor-element elementor-element-6c341e2 elementor-widget elementor-widget-wp-widget-newsup_posts_slider\" data-id=\"6c341e2\" data-element_type=\"widget\" data-widget_type=\"wp-widget-newsup_posts_slider.default\">\n\t\t\t\t<div class=\"elementor-widget-container\">\n\t\t\t\t\t                        <div class=\"mg-sec-title\">\r\n            <!-- mg-sec-title -->\r\n                    <h4>Destaques<\/h4>\r\n            <\/div>\r\n            <!-- \/\/ mg-sec-title -->\r\n                        \r\n            <div class=\"postcrousel owl-carousel mr-bot60\">\r\n                                <div class=\"item\">\r\n                    \r\n                            <div class=\"mg-blog-post lg back-img\" style=\"background-image: url('https:\/\/jornalfax.net\/wp-content\/uploads\/2026\/04\/581dc194-8263-4074-b2ee-176a1bbaa309.jpg');\">\r\n                                <a class=\"link-div\" href=\"https:\/\/jornalfax.net\/index.php\/2026\/04\/24\/denuncias-de-colegios-ilegais-levam-director-da-educacao-da-maianga-a-convocar-reuniao-de-urgencia-com-os-mesmo\/\"><\/a>\r\n                                <article class=\"bottom\">\r\n                                <span class=\"post-form\"><i class=\"fas fa-camera\"><\/i><\/span>                                    <div class=\"mg-blog-category\">\r\n                                        <a class=\"newsup-categories category-color-1\" href=\"https:\/\/jornalfax.net\/index.php\/category\/destaque\/\" alt=\"View all posts in Destaque\"> \r\n                                 Destaque\r\n                             <\/a><a class=\"newsup-categories category-color-1\" href=\"https:\/\/jornalfax.net\/index.php\/category\/em-foco\/\" alt=\"View all posts in Em Foco\"> \r\n                                 Em Foco\r\n                             <\/a>                                    <\/div>\r\n                                    \r\n                                    <h4 class=\"title\">\r\n                                        <a href=\"https:\/\/jornalfax.net\/index.php\/2026\/04\/24\/denuncias-de-colegios-ilegais-levam-director-da-educacao-da-maianga-a-convocar-reuniao-de-urgencia-com-os-mesmo\/\">DEN\u00daNCIAS DE COL\u00c9GIOS ILEGAIS LEVAM DIRECTOR DA EDUCA\u00c7\u00c3O DA MAIANGA A CONVOCAR REUNI\u00c3O DE URG\u00caNCIA COM OS MESMO<\/a>\r\n                                    <\/h4>\r\n                                                <div class=\"mg-blog-meta\"> \r\n                    <span class=\"mg-blog-date\"><i class=\"fas fa-clock\"><\/i>\r\n                <a href=\"https:\/\/jornalfax.net\/index.php\/2026\/04\/\">\r\n                24 de abril de 2026                <\/a>\r\n            <\/span>\r\n            <a class=\"auth\" href=\"https:\/\/jornalfax.net\/index.php\/author\/jornalfax-net\/\">\r\n                <i class=\"fas fa-user-circle\"><\/i>jornalfax.net            <\/a>\r\n            \r\n                          \r\n    <\/div> \r\n                                <\/article>\r\n                            <\/div>\r\n                        <\/div>\r\n                                        <div class=\"item\">\r\n                    \r\n                            <div class=\"mg-blog-post lg back-img\" style=\"background-image: url('https:\/\/jornalfax.net\/wp-content\/uploads\/2026\/04\/f40519da-9f66-422c-966f-87dc5f78970e.jpg');\">\r\n                                <a class=\"link-div\" href=\"https:\/\/jornalfax.net\/index.php\/2026\/04\/24\/escandalo-nacional-ministerio-da-educacao-e-gabinete-provincial-de-luanda-acusados-de-proteger-mais-de-2-600-escolas-ilegais\/\"><\/a>\r\n                                <article class=\"bottom\">\r\n                                <span class=\"post-form\"><i class=\"fas fa-camera\"><\/i><\/span>                                    <div class=\"mg-blog-category\">\r\n                                        <a class=\"newsup-categories category-color-1\" href=\"https:\/\/jornalfax.net\/index.php\/category\/destaque\/\" alt=\"View all posts in Destaque\"> \r\n                                 Destaque\r\n                             <\/a><a class=\"newsup-categories category-color-1\" href=\"https:\/\/jornalfax.net\/index.php\/category\/sociedade\/\" alt=\"View all posts in Sociedade\"> \r\n                                 Sociedade\r\n                             <\/a>                                    <\/div>\r\n                                    \r\n                                    <h4 class=\"title\">\r\n                                        <a href=\"https:\/\/jornalfax.net\/index.php\/2026\/04\/24\/escandalo-nacional-ministerio-da-educacao-e-gabinete-provincial-de-luanda-acusados-de-proteger-mais-de-2-600-escolas-ilegais\/\">ESC\u00c2NDALO NACIONAL: MINIST\u00c9RIO DA EDUCA\u00c7\u00c3O E GABINETE PROVINCIAL DE LUANDA ACUSADOS DE PROTEGER MAIS DE 2.600 ESCOLAS ILEGAIS<\/a>\r\n                                    <\/h4>\r\n                                                <div class=\"mg-blog-meta\"> \r\n                    <span class=\"mg-blog-date\"><i class=\"fas fa-clock\"><\/i>\r\n                <a href=\"https:\/\/jornalfax.net\/index.php\/2026\/04\/\">\r\n                24 de abril de 2026                <\/a>\r\n            <\/span>\r\n            <a class=\"auth\" href=\"https:\/\/jornalfax.net\/index.php\/author\/jornalfax-net\/\">\r\n                <i class=\"fas fa-user-circle\"><\/i>jornalfax.net            <\/a>\r\n            \r\n                          \r\n    <\/div> \r\n                                <\/article>\r\n                            <\/div>\r\n                        <\/div>\r\n                                        <div class=\"item\">\r\n                    \r\n                            <div class=\"mg-blog-post lg back-img\" style=\"background-image: url('https:\/\/jornalfax.net\/wp-content\/uploads\/2026\/04\/2a4d4a1b-36bc-4b96-b4e6-9b3420e2e6e0-1.jpg');\">\r\n                                <a class=\"link-div\" href=\"https:\/\/jornalfax.net\/index.php\/2026\/04\/24\/presidente-do-isp-bengo-aurora-bambi-acusada-de-desafiar-decisao-judicial-e-favorecer-familiares-em-concursos-publicos\/\"><\/a>\r\n                                <article class=\"bottom\">\r\n                                <span class=\"post-form\"><i class=\"fas fa-camera\"><\/i><\/span>                                    <div class=\"mg-blog-category\">\r\n                                        <a class=\"newsup-categories category-color-1\" href=\"https:\/\/jornalfax.net\/index.php\/category\/destaque\/\" alt=\"View all posts in Destaque\"> \r\n                                 Destaque\r\n                             <\/a><a class=\"newsup-categories category-color-1\" href=\"https:\/\/jornalfax.net\/index.php\/category\/em-foco\/\" alt=\"View all posts in Em Foco\"> \r\n                                 Em Foco\r\n                             <\/a>                                    <\/div>\r\n                                    \r\n                                    <h4 class=\"title\">\r\n                                        <a href=\"https:\/\/jornalfax.net\/index.php\/2026\/04\/24\/presidente-do-isp-bengo-aurora-bambi-acusada-de-desafiar-decisao-judicial-e-favorecer-familiares-em-concursos-publicos\/\">PRESIDENTE DO ISP-BENGO AURORA BAMBI ACUSADA DE DESAFIAR DECIS\u00c3O JUDICIAL E FAVORECER FAMILIARES EM CONCURSOS P\u00daBLICOS<\/a>\r\n                                    <\/h4>\r\n                                                <div class=\"mg-blog-meta\"> \r\n                    <span class=\"mg-blog-date\"><i class=\"fas fa-clock\"><\/i>\r\n                <a href=\"https:\/\/jornalfax.net\/index.php\/2026\/04\/\">\r\n                24 de abril de 2026                <\/a>\r\n            <\/span>\r\n            <a class=\"auth\" href=\"https:\/\/jornalfax.net\/index.php\/author\/jornalfax-net\/\">\r\n                <i class=\"fas fa-user-circle\"><\/i>jornalfax.net            <\/a>\r\n            \r\n                          \r\n    <\/div> \r\n                                <\/article>\r\n                            <\/div>\r\n                        <\/div>\r\n                                        <div class=\"item\">\r\n                    \r\n                            <div class=\"mg-blog-post lg back-img\" style=\"background-image: url('https:\/\/jornalfax.net\/wp-content\/uploads\/2026\/04\/6269602_imagem-1.jpeg');\">\r\n                                <a class=\"link-div\" href=\"https:\/\/jornalfax.net\/index.php\/2026\/04\/24\/agt-humilha-joao-lourenco-na-sua-luta-de-combate-a-corrupcao\/\"><\/a>\r\n                                <article class=\"bottom\">\r\n                                <span class=\"post-form\"><i class=\"fas fa-camera\"><\/i><\/span>                                    <div class=\"mg-blog-category\">\r\n                                        <a class=\"newsup-categories category-color-1\" href=\"https:\/\/jornalfax.net\/index.php\/category\/actualidade\/\" alt=\"View all posts in Actualidade\"> \r\n                                 Actualidade\r\n                             <\/a><a class=\"newsup-categories category-color-1\" href=\"https:\/\/jornalfax.net\/index.php\/category\/destaque\/\" alt=\"View all posts in Destaque\"> \r\n                                 Destaque\r\n                             <\/a>                                    <\/div>\r\n                                    \r\n                                    <h4 class=\"title\">\r\n                                        <a href=\"https:\/\/jornalfax.net\/index.php\/2026\/04\/24\/agt-humilha-joao-lourenco-na-sua-luta-de-combate-a-corrupcao\/\">AGT \u201cHUMILHA\u201d JO\u00c3O LOUREN\u00c7O NA SUA LUTA DE COMBATE \u00c0 CORRUP\u00c7\u00c3O<\/a>\r\n                                    <\/h4>\r\n                                                <div class=\"mg-blog-meta\"> \r\n                    <span class=\"mg-blog-date\"><i class=\"fas fa-clock\"><\/i>\r\n                <a href=\"https:\/\/jornalfax.net\/index.php\/2026\/04\/\">\r\n                24 de abril de 2026                <\/a>\r\n            <\/span>\r\n            <a class=\"auth\" href=\"https:\/\/jornalfax.net\/index.php\/author\/jornalfax-net\/\">\r\n                <i class=\"fas fa-user-circle\"><\/i>jornalfax.net            <\/a>\r\n            \r\n                          \r\n    <\/div> \r\n                                <\/article>\r\n                            <\/div>\r\n                        <\/div>\r\n                                        <div class=\"item\">\r\n                    \r\n                            <div class=\"mg-blog-post lg back-img\" style=\"background-image: url('https:\/\/jornalfax.net\/wp-content\/uploads\/2026\/04\/df50371b-546d-46a6-8466-7d843d0de15c.jpg');\">\r\n                                <a class=\"link-div\" href=\"https:\/\/jornalfax.net\/index.php\/2026\/04\/23\/bens-diversos-chegam-a-benguela-apa-estende-o-braco-solidario-as-vitimas-das-cheias\/\"><\/a>\r\n                                <article class=\"bottom\">\r\n                                <span class=\"post-form\"><i class=\"fas fa-camera\"><\/i><\/span>                                    <div class=\"mg-blog-category\">\r\n                                        <a class=\"newsup-categories category-color-1\" href=\"https:\/\/jornalfax.net\/index.php\/category\/destaque\/\" alt=\"View all posts in Destaque\"> \r\n                                 Destaque\r\n                             <\/a><a class=\"newsup-categories category-color-1\" href=\"https:\/\/jornalfax.net\/index.php\/category\/em-foco\/\" alt=\"View all posts in Em Foco\"> \r\n                                 Em Foco\r\n                             <\/a>                                    <\/div>\r\n                                    \r\n                                    <h4 class=\"title\">\r\n                                        <a href=\"https:\/\/jornalfax.net\/index.php\/2026\/04\/23\/bens-diversos-chegam-a-benguela-apa-estende-o-braco-solidario-as-vitimas-das-cheias\/\">BENS DIVERSOS CHEGAM A BENGUELA: APA ESTENDE O BRA\u00c7O SOLID\u00c1RIO AS V\u00cdTIMAS DAS CHEIAS<\/a>\r\n                                    <\/h4>\r\n                                                <div class=\"mg-blog-meta\"> \r\n                    <span class=\"mg-blog-date\"><i class=\"fas fa-clock\"><\/i>\r\n                <a href=\"https:\/\/jornalfax.net\/index.php\/2026\/04\/\">\r\n                23 de abril de 2026                <\/a>\r\n            <\/span>\r\n            <a class=\"auth\" href=\"https:\/\/jornalfax.net\/index.php\/author\/jornalfax-net\/\">\r\n                <i class=\"fas fa-user-circle\"><\/i>jornalfax.net            <\/a>\r\n            \r\n                          \r\n    <\/div> \r\n                                <\/article>\r\n                            <\/div>\r\n                        <\/div>\r\n                                        \r\n            <\/div>\r\n\r\n            \t\t\t\t<\/div>\n\t\t\t\t<\/div>\n\t\t\t\t<\/div>\n\t\t<div class=\"elementor-element elementor-element-a7e5a75 e-con-full e-flex e-con e-child\" data-id=\"a7e5a75\" data-element_type=\"container\">\n\t\t\t\t<div class=\"elementor-element elementor-element-ab9c4a1 elementor-widget elementor-widget-wp-widget-newsup_tab_posts\" data-id=\"ab9c4a1\" data-element_type=\"widget\" data-widget_type=\"wp-widget-newsup_tab_posts.default\">\n\t\t\t\t<div class=\"elementor-widget-container\">\n\t\t\t\t\t            <div class=\"tabbed-container top-right-area\">\r\n                <div class=\"tabbed-head\">\r\n                    <ul class=\"nav nav-tabs ta-tabs tab-warpper\" role=\"tablist\">\r\n                        <li class=\"tab tab-recent new-item active\">\r\n                            <a href=\"#tabbed-REPLACE_TO_ID-recent\"\r\n                               aria-controls=\"Recent\" role=\"tab\"\r\n                               data-toggle=\"tab\" class=\"font-family-1 nav-link active\">\r\n                                <i class=\"fas fa-bolt\" aria-hidden=\"true\"><\/i>  \u00daltimas Noticias                            <\/a>\r\n                        <\/li>\r\n                        <li role=\"presentation\" class=\"tab tab-popular nav-item\">\r\n                            <a href=\"#tabbed-REPLACE_TO_ID-popular\"\r\n                               aria-controls=\"Popular\" role=\"tab\"\r\n                               data-toggle=\"tab\" class=\"font-family-1 nav-link\">\r\n                                <i class=\"fas fa-clock\" aria-hidden=\"true\"><\/i>  Mais Lida                            <\/a>\r\n                        <\/li>\r\n\r\n                                                    <li class=\"tab tab-categorised\">\r\n                                <a href=\"#tabbed-REPLACE_TO_ID-categorised\"\r\n                                   aria-controls=\"Categorised\" role=\"tab\"\r\n                                   data-toggle=\"tab\" class=\"font-family-1 nav-link\">\r\n                                   <i class=\"fas fa-fire\" aria-hidden=\"true\"><\/i>  Recentes                                <\/a>\r\n                            <\/li>\r\n                                            <\/ul>\r\n                <\/div>\r\n                <div class=\"tab-content\">\r\n                    <div id=\"tabbed-REPLACE_TO_ID-recent\" role=\"tabpanel\" class=\"tab-pane active fade show\">\r\n                        <div class=\"mg-posts-sec mg-posts-modul-2\"><div class=\"mg-posts-sec-inner row\"><div class=\"small-list-post col-lg-12\">                \r\n                  <div class=\"small-post clearfix\">\r\n                                                                           <div class=\"img-small-post\">\r\n                                <a href=\"https:\/\/jornalfax.net\/index.php\/2026\/04\/24\/denuncias-de-colegios-ilegais-levam-director-da-educacao-da-maianga-a-convocar-reuniao-de-urgencia-com-os-mesmo\/\">\r\n                                                                    <img decoding=\"async\" src=\"https:\/\/jornalfax.net\/wp-content\/uploads\/2026\/04\/581dc194-8263-4074-b2ee-176a1bbaa309-150x150.jpg\" alt=\"DEN\u00daNCIAS DE COL\u00c9GIOS ILEGAIS LEVAM DIRECTOR DA EDUCA\u00c7\u00c3O DA MAIANGA A CONVOCAR REUNI\u00c3O DE URG\u00caNCIA COM OS MESMO\">\r\n                                                                <\/a>\r\n                            <\/div>\r\n                                                <div class=\"small-post-content\">\r\n                                <div class=\"mg-blog-category\">\r\n                                   <a class=\"newsup-categories category-color-1\" href=\"https:\/\/jornalfax.net\/index.php\/category\/destaque\/\" alt=\"View all posts in Destaque\"> \r\n                                 Destaque\r\n                             <\/a><a class=\"newsup-categories category-color-1\" href=\"https:\/\/jornalfax.net\/index.php\/category\/em-foco\/\" alt=\"View all posts in Em Foco\"> \r\n                                 Em Foco\r\n                             <\/a>                                <\/div>\r\n                                 <div class=\"title_small_post\">\r\n                                    \r\n                                    <h5>\r\n                                        <a href=\"https:\/\/jornalfax.net\/index.php\/2026\/04\/24\/denuncias-de-colegios-ilegais-levam-director-da-educacao-da-maianga-a-convocar-reuniao-de-urgencia-com-os-mesmo\/\">\r\n                                            DEN\u00daNCIAS DE COL\u00c9GIOS ILEGAIS LEVAM DIRECTOR DA EDUCA\u00c7\u00c3O DA MAIANGA A CONVOCAR REUNI\u00c3O DE URG\u00caNCIA COM OS MESMO                                        <\/a>\r\n                                    <\/h5>\r\n                                   \r\n                                <\/div>\r\n                        <\/div>\r\n                    <\/div>\r\n                            \r\n                  <div class=\"small-post clearfix\">\r\n                                                                           <div class=\"img-small-post\">\r\n                                <a href=\"https:\/\/jornalfax.net\/index.php\/2026\/04\/24\/escandalo-nacional-ministerio-da-educacao-e-gabinete-provincial-de-luanda-acusados-de-proteger-mais-de-2-600-escolas-ilegais\/\">\r\n                                                                    <img decoding=\"async\" src=\"https:\/\/jornalfax.net\/wp-content\/uploads\/2026\/04\/f40519da-9f66-422c-966f-87dc5f78970e-150x150.jpg\" alt=\"ESC\u00c2NDALO NACIONAL: MINIST\u00c9RIO DA EDUCA\u00c7\u00c3O E GABINETE PROVINCIAL DE LUANDA ACUSADOS DE PROTEGER MAIS DE 2.600 ESCOLAS ILEGAIS\">\r\n                                                                <\/a>\r\n                            <\/div>\r\n                                                <div class=\"small-post-content\">\r\n                                <div class=\"mg-blog-category\">\r\n                                   <a class=\"newsup-categories category-color-1\" href=\"https:\/\/jornalfax.net\/index.php\/category\/destaque\/\" alt=\"View all posts in Destaque\"> \r\n                                 Destaque\r\n                             <\/a><a class=\"newsup-categories category-color-1\" href=\"https:\/\/jornalfax.net\/index.php\/category\/sociedade\/\" alt=\"View all posts in Sociedade\"> \r\n                                 Sociedade\r\n                             <\/a>                                <\/div>\r\n                                 <div class=\"title_small_post\">\r\n                                    \r\n                                    <h5>\r\n                                        <a href=\"https:\/\/jornalfax.net\/index.php\/2026\/04\/24\/escandalo-nacional-ministerio-da-educacao-e-gabinete-provincial-de-luanda-acusados-de-proteger-mais-de-2-600-escolas-ilegais\/\">\r\n                                            ESC\u00c2NDALO NACIONAL: MINIST\u00c9RIO DA EDUCA\u00c7\u00c3O E GABINETE PROVINCIAL DE LUANDA ACUSADOS DE PROTEGER MAIS DE 2.600 ESCOLAS ILEGAIS                                        <\/a>\r\n                                    <\/h5>\r\n                                   \r\n                                <\/div>\r\n                        <\/div>\r\n                    <\/div>\r\n                            \r\n                  <div class=\"small-post clearfix\">\r\n                                                                           <div class=\"img-small-post\">\r\n                                <a href=\"https:\/\/jornalfax.net\/index.php\/2026\/04\/24\/presidente-do-isp-bengo-aurora-bambi-acusada-de-desafiar-decisao-judicial-e-favorecer-familiares-em-concursos-publicos\/\">\r\n                                                                    <img decoding=\"async\" src=\"https:\/\/jornalfax.net\/wp-content\/uploads\/2026\/04\/2a4d4a1b-36bc-4b96-b4e6-9b3420e2e6e0-1-150x150.jpg\" alt=\"PRESIDENTE DO ISP-BENGO AURORA BAMBI ACUSADA DE DESAFIAR DECIS\u00c3O JUDICIAL E FAVORECER FAMILIARES EM CONCURSOS P\u00daBLICOS\">\r\n                                                                <\/a>\r\n                            <\/div>\r\n                                                <div class=\"small-post-content\">\r\n                                <div class=\"mg-blog-category\">\r\n                                   <a class=\"newsup-categories category-color-1\" href=\"https:\/\/jornalfax.net\/index.php\/category\/destaque\/\" alt=\"View all posts in Destaque\"> \r\n                                 Destaque\r\n                             <\/a><a class=\"newsup-categories category-color-1\" href=\"https:\/\/jornalfax.net\/index.php\/category\/em-foco\/\" alt=\"View all posts in Em Foco\"> \r\n                                 Em Foco\r\n                             <\/a>                                <\/div>\r\n                                 <div class=\"title_small_post\">\r\n                                    \r\n                                    <h5>\r\n                                        <a href=\"https:\/\/jornalfax.net\/index.php\/2026\/04\/24\/presidente-do-isp-bengo-aurora-bambi-acusada-de-desafiar-decisao-judicial-e-favorecer-familiares-em-concursos-publicos\/\">\r\n                                            PRESIDENTE DO ISP-BENGO AURORA BAMBI ACUSADA DE DESAFIAR DECIS\u00c3O JUDICIAL E FAVORECER FAMILIARES EM CONCURSOS P\u00daBLICOS                                        <\/a>\r\n                                    <\/h5>\r\n                                   \r\n                                <\/div>\r\n                        <\/div>\r\n                    <\/div>\r\n                            \r\n                  <div class=\"small-post clearfix\">\r\n                                                                           <div class=\"img-small-post\">\r\n                                <a href=\"https:\/\/jornalfax.net\/index.php\/2026\/04\/24\/agt-humilha-joao-lourenco-na-sua-luta-de-combate-a-corrupcao\/\">\r\n                                                                    <img decoding=\"async\" src=\"https:\/\/jornalfax.net\/wp-content\/uploads\/2026\/04\/6269602_imagem-1-150x150.jpeg\" alt=\"AGT \u201cHUMILHA\u201d JO\u00c3O LOUREN\u00c7O NA SUA LUTA DE COMBATE \u00c0 CORRUP\u00c7\u00c3O\">\r\n                                                                <\/a>\r\n                            <\/div>\r\n                                                <div class=\"small-post-content\">\r\n                                <div class=\"mg-blog-category\">\r\n                                   <a class=\"newsup-categories category-color-1\" href=\"https:\/\/jornalfax.net\/index.php\/category\/actualidade\/\" alt=\"View all posts in Actualidade\"> \r\n                                 Actualidade\r\n                             <\/a><a class=\"newsup-categories category-color-1\" href=\"https:\/\/jornalfax.net\/index.php\/category\/destaque\/\" alt=\"View all posts in Destaque\"> \r\n                                 Destaque\r\n                             <\/a>                                <\/div>\r\n                                 <div class=\"title_small_post\">\r\n                                    \r\n                                    <h5>\r\n                                        <a href=\"https:\/\/jornalfax.net\/index.php\/2026\/04\/24\/agt-humilha-joao-lourenco-na-sua-luta-de-combate-a-corrupcao\/\">\r\n                                            AGT \u201cHUMILHA\u201d JO\u00c3O LOUREN\u00c7O NA SUA LUTA DE COMBATE \u00c0 CORRUP\u00c7\u00c3O                                        <\/a>\r\n                                    <\/h5>\r\n                                   \r\n                                <\/div>\r\n                        <\/div>\r\n                    <\/div>\r\n            <\/div><\/div><\/div>                    <\/div>\r\n                    <div id=\"tabbed-REPLACE_TO_ID-popular\" role=\"tabpanel\" class=\"tab-pane fade\">\r\n                        <div class=\"mg-posts-sec mg-posts-modul-2\"><div class=\"mg-posts-sec-inner row\"><div class=\"small-list-post col-lg-12\">                \r\n                  <div class=\"small-post clearfix\">\r\n                                                                           <div class=\"img-small-post\">\r\n                                <a href=\"https:\/\/jornalfax.net\/index.php\/2023\/12\/12\/joel-leonardo-um-mandato-desastrado-na-justica\/\">\r\n                                                                    <img decoding=\"async\" src=\"https:\/\/jornalfax.net\/wp-content\/uploads\/2023\/12\/joel-passou-bem-640x280-1-150x150.jpg\" alt=\"JOEL LEONARDO: UM MANDATO DESASTRADO NA JUSTI\u00c7A\">\r\n                                                                <\/a>\r\n                            <\/div>\r\n                                                <div class=\"small-post-content\">\r\n                                <div class=\"mg-blog-category\">\r\n                                   <a class=\"newsup-categories category-color-1\" href=\"https:\/\/jornalfax.net\/index.php\/category\/sociedade\/\" alt=\"View all posts in Sociedade\"> \r\n                                 Sociedade\r\n                             <\/a>                                <\/div>\r\n                                 <div class=\"title_small_post\">\r\n                                    \r\n                                    <h5>\r\n                                        <a href=\"https:\/\/jornalfax.net\/index.php\/2023\/12\/12\/joel-leonardo-um-mandato-desastrado-na-justica\/\">\r\n                                            JOEL LEONARDO: UM MANDATO DESASTRADO NA JUSTI\u00c7A                                        <\/a>\r\n                                    <\/h5>\r\n                                   \r\n                                <\/div>\r\n                        <\/div>\r\n                    <\/div>\r\n                            \r\n                  <div class=\"small-post clearfix\">\r\n                                                                           <div class=\"img-small-post\">\r\n                                <a href=\"https:\/\/jornalfax.net\/index.php\/2023\/12\/07\/ministro-eugenio-laborinho-tem-as-maos-sujas-nas-terras-da-konda-marta\/\">\r\n                                                                    <img decoding=\"async\" src=\"https:\/\/jornalfax.net\/wp-content\/uploads\/2023\/12\/Lista-caso-Konda-Marta-150x150.jpg\" alt=\"\u201cMINISTRO EUG\u00c9NIO LABORINHO TEM AS M\u00c3OS SUJAS NAS TERRAS DA KONDA MARTA\u201d\">\r\n                                                                <\/a>\r\n                            <\/div>\r\n                                                <div class=\"small-post-content\">\r\n                                <div class=\"mg-blog-category\">\r\n                                   <a class=\"newsup-categories category-color-1\" href=\"https:\/\/jornalfax.net\/index.php\/category\/actualidade\/\" alt=\"View all posts in Actualidade\"> \r\n                                 Actualidade\r\n                             <\/a><a class=\"newsup-categories category-color-1\" href=\"https:\/\/jornalfax.net\/index.php\/category\/destaque\/\" alt=\"View all posts in Destaque\"> \r\n                                 Destaque\r\n                             <\/a>                                <\/div>\r\n                                 <div class=\"title_small_post\">\r\n                                    \r\n                                    <h5>\r\n                                        <a href=\"https:\/\/jornalfax.net\/index.php\/2023\/12\/07\/ministro-eugenio-laborinho-tem-as-maos-sujas-nas-terras-da-konda-marta\/\">\r\n                                            \u201cMINISTRO EUG\u00c9NIO LABORINHO TEM AS M\u00c3OS SUJAS NAS TERRAS DA KONDA MARTA\u201d                                        <\/a>\r\n                                    <\/h5>\r\n                                   \r\n                                <\/div>\r\n                        <\/div>\r\n                    <\/div>\r\n                            \r\n                  <div class=\"small-post clearfix\">\r\n                                                                           <div class=\"img-small-post\">\r\n                                <a href=\"https:\/\/jornalfax.net\/index.php\/2023\/12\/24\/jurista-teixeira-candido-afirma-que-os-tribunais-tem-violado-o-direito-dos-arguidos\/\">\r\n                                                                    <img decoding=\"async\" src=\"https:\/\/jornalfax.net\/wp-content\/uploads\/2023\/12\/30ee76da-9ac5-4011-a269-9977a27ba965-150x150.jpg\" alt=\"JURISTA TEIXEIRA C\u00c2NDIDO AFIRMA QUE OS TRIBUNAIS T\u00caM VIOLADO O DIREITO DOS ARGUIDOS\">\r\n                                                                <\/a>\r\n                            <\/div>\r\n                                                <div class=\"small-post-content\">\r\n                                <div class=\"mg-blog-category\">\r\n                                   <a class=\"newsup-categories category-color-1\" href=\"https:\/\/jornalfax.net\/index.php\/category\/destaque\/\" alt=\"View all posts in Destaque\"> \r\n                                 Destaque\r\n                             <\/a><a class=\"newsup-categories category-color-1\" href=\"https:\/\/jornalfax.net\/index.php\/category\/em-foco\/\" alt=\"View all posts in Em Foco\"> \r\n                                 Em Foco\r\n                             <\/a>                                <\/div>\r\n                                 <div class=\"title_small_post\">\r\n                                    \r\n                                    <h5>\r\n                                        <a href=\"https:\/\/jornalfax.net\/index.php\/2023\/12\/24\/jurista-teixeira-candido-afirma-que-os-tribunais-tem-violado-o-direito-dos-arguidos\/\">\r\n                                            JURISTA TEIXEIRA C\u00c2NDIDO AFIRMA QUE OS TRIBUNAIS T\u00caM VIOLADO O DIREITO DOS ARGUIDOS                                        <\/a>\r\n                                    <\/h5>\r\n                                   \r\n                                <\/div>\r\n                        <\/div>\r\n                    <\/div>\r\n                            \r\n                  <div class=\"small-post clearfix\">\r\n                                                                           <div class=\"img-small-post\">\r\n                                <a href=\"https:\/\/jornalfax.net\/index.php\/2024\/01\/16\/perfil-do-actual-presbitero-geral-da-igreja-universal\/\">\r\n                                                                    <img decoding=\"async\" src=\"https:\/\/jornalfax.net\/wp-content\/uploads\/2024\/01\/BISPO-ALBERTO-SEGUNDA-150x150.jpg\" alt=\"PERFIL DO ACTUAL PRESB\u00cdTERO GERAL DA IGREJA UNIVERSAL\">\r\n                                                                <\/a>\r\n                            <\/div>\r\n                                                <div class=\"small-post-content\">\r\n                                <div class=\"mg-blog-category\">\r\n                                   <a class=\"newsup-categories category-color-1\" href=\"https:\/\/jornalfax.net\/index.php\/category\/sociedade\/\" alt=\"View all posts in Sociedade\"> \r\n                                 Sociedade\r\n                             <\/a>                                <\/div>\r\n                                 <div class=\"title_small_post\">\r\n                                    \r\n                                    <h5>\r\n                                        <a href=\"https:\/\/jornalfax.net\/index.php\/2024\/01\/16\/perfil-do-actual-presbitero-geral-da-igreja-universal\/\">\r\n                                            PERFIL DO ACTUAL PRESB\u00cdTERO GERAL DA IGREJA UNIVERSAL                                        <\/a>\r\n                                    <\/h5>\r\n                                   \r\n                                <\/div>\r\n                        <\/div>\r\n                    <\/div>\r\n            <\/div><\/div><\/div>                    <\/div>\r\n                                            <div id=\"tabbed-REPLACE_TO_ID-categorised\" role=\"tabpanel\" class=\"tab-pane fade\">\r\n                            <div class=\"mg-posts-sec mg-posts-modul-2\"><div class=\"mg-posts-sec-inner row\"><div class=\"small-list-post col-lg-12\">                \r\n                  <div class=\"small-post clearfix\">\r\n                                                                           <div class=\"img-small-post\">\r\n                                <a href=\"https:\/\/jornalfax.net\/index.php\/2026\/04\/24\/denuncias-de-colegios-ilegais-levam-director-da-educacao-da-maianga-a-convocar-reuniao-de-urgencia-com-os-mesmo\/\">\r\n                                                                    <img decoding=\"async\" src=\"https:\/\/jornalfax.net\/wp-content\/uploads\/2026\/04\/581dc194-8263-4074-b2ee-176a1bbaa309-150x150.jpg\" alt=\"DEN\u00daNCIAS DE COL\u00c9GIOS ILEGAIS LEVAM DIRECTOR DA EDUCA\u00c7\u00c3O DA MAIANGA A CONVOCAR REUNI\u00c3O DE URG\u00caNCIA COM OS MESMO\">\r\n                                                                <\/a>\r\n                            <\/div>\r\n                                                <div class=\"small-post-content\">\r\n                                <div class=\"mg-blog-category\">\r\n                                   <a class=\"newsup-categories category-color-1\" href=\"https:\/\/jornalfax.net\/index.php\/category\/destaque\/\" alt=\"View all posts in Destaque\"> \r\n                                 Destaque\r\n                             <\/a><a class=\"newsup-categories category-color-1\" href=\"https:\/\/jornalfax.net\/index.php\/category\/em-foco\/\" alt=\"View all posts in Em Foco\"> \r\n                                 Em Foco\r\n                             <\/a>                                <\/div>\r\n                                 <div class=\"title_small_post\">\r\n                                    \r\n                                    <h5>\r\n                                        <a href=\"https:\/\/jornalfax.net\/index.php\/2026\/04\/24\/denuncias-de-colegios-ilegais-levam-director-da-educacao-da-maianga-a-convocar-reuniao-de-urgencia-com-os-mesmo\/\">\r\n                                            DEN\u00daNCIAS DE COL\u00c9GIOS ILEGAIS LEVAM DIRECTOR DA EDUCA\u00c7\u00c3O DA MAIANGA A CONVOCAR REUNI\u00c3O DE URG\u00caNCIA COM OS MESMO                                        <\/a>\r\n                                    <\/h5>\r\n                                   \r\n                                <\/div>\r\n                        <\/div>\r\n                    <\/div>\r\n                            \r\n                  <div class=\"small-post clearfix\">\r\n                                                                           <div class=\"img-small-post\">\r\n                                <a href=\"https:\/\/jornalfax.net\/index.php\/2026\/04\/24\/escandalo-nacional-ministerio-da-educacao-e-gabinete-provincial-de-luanda-acusados-de-proteger-mais-de-2-600-escolas-ilegais\/\">\r\n                                                                    <img decoding=\"async\" src=\"https:\/\/jornalfax.net\/wp-content\/uploads\/2026\/04\/f40519da-9f66-422c-966f-87dc5f78970e-150x150.jpg\" alt=\"ESC\u00c2NDALO NACIONAL: MINIST\u00c9RIO DA EDUCA\u00c7\u00c3O E GABINETE PROVINCIAL DE LUANDA ACUSADOS DE PROTEGER MAIS DE 2.600 ESCOLAS ILEGAIS\">\r\n                                                                <\/a>\r\n                            <\/div>\r\n                                                <div class=\"small-post-content\">\r\n                                <div class=\"mg-blog-category\">\r\n                                   <a class=\"newsup-categories category-color-1\" href=\"https:\/\/jornalfax.net\/index.php\/category\/destaque\/\" alt=\"View all posts in Destaque\"> \r\n                                 Destaque\r\n                             <\/a><a class=\"newsup-categories category-color-1\" href=\"https:\/\/jornalfax.net\/index.php\/category\/sociedade\/\" alt=\"View all posts in Sociedade\"> \r\n                                 Sociedade\r\n                             <\/a>                                <\/div>\r\n                                 <div class=\"title_small_post\">\r\n                                    \r\n                                    <h5>\r\n                                        <a href=\"https:\/\/jornalfax.net\/index.php\/2026\/04\/24\/escandalo-nacional-ministerio-da-educacao-e-gabinete-provincial-de-luanda-acusados-de-proteger-mais-de-2-600-escolas-ilegais\/\">\r\n                                            ESC\u00c2NDALO NACIONAL: MINIST\u00c9RIO DA EDUCA\u00c7\u00c3O E GABINETE PROVINCIAL DE LUANDA ACUSADOS DE PROTEGER MAIS DE 2.600 ESCOLAS ILEGAIS                                        <\/a>\r\n                                    <\/h5>\r\n                                   \r\n                                <\/div>\r\n                        <\/div>\r\n                    <\/div>\r\n                            \r\n                  <div class=\"small-post clearfix\">\r\n                                                                           <div class=\"img-small-post\">\r\n                                <a href=\"https:\/\/jornalfax.net\/index.php\/2026\/04\/24\/presidente-do-isp-bengo-aurora-bambi-acusada-de-desafiar-decisao-judicial-e-favorecer-familiares-em-concursos-publicos\/\">\r\n                                                                    <img decoding=\"async\" src=\"https:\/\/jornalfax.net\/wp-content\/uploads\/2026\/04\/2a4d4a1b-36bc-4b96-b4e6-9b3420e2e6e0-1-150x150.jpg\" alt=\"PRESIDENTE DO ISP-BENGO AURORA BAMBI ACUSADA DE DESAFIAR DECIS\u00c3O JUDICIAL E FAVORECER FAMILIARES EM CONCURSOS P\u00daBLICOS\">\r\n                                                                <\/a>\r\n                            <\/div>\r\n                                                <div class=\"small-post-content\">\r\n                                <div class=\"mg-blog-category\">\r\n                                   <a class=\"newsup-categories category-color-1\" href=\"https:\/\/jornalfax.net\/index.php\/category\/destaque\/\" alt=\"View all posts in Destaque\"> \r\n                                 Destaque\r\n                             <\/a><a class=\"newsup-categories category-color-1\" href=\"https:\/\/jornalfax.net\/index.php\/category\/em-foco\/\" alt=\"View all posts in Em Foco\"> \r\n                                 Em Foco\r\n                             <\/a>                                <\/div>\r\n                                 <div class=\"title_small_post\">\r\n                                    \r\n                                    <h5>\r\n                                        <a href=\"https:\/\/jornalfax.net\/index.php\/2026\/04\/24\/presidente-do-isp-bengo-aurora-bambi-acusada-de-desafiar-decisao-judicial-e-favorecer-familiares-em-concursos-publicos\/\">\r\n                                            PRESIDENTE DO ISP-BENGO AURORA BAMBI ACUSADA DE DESAFIAR DECIS\u00c3O JUDICIAL E FAVORECER FAMILIARES EM CONCURSOS P\u00daBLICOS                                        <\/a>\r\n                                    <\/h5>\r\n                                   \r\n                                <\/div>\r\n                        <\/div>\r\n                    <\/div>\r\n                            \r\n                  <div class=\"small-post clearfix\">\r\n                                                                           <div class=\"img-small-post\">\r\n                                <a href=\"https:\/\/jornalfax.net\/index.php\/2026\/04\/24\/agt-humilha-joao-lourenco-na-sua-luta-de-combate-a-corrupcao\/\">\r\n                                                                    <img decoding=\"async\" src=\"https:\/\/jornalfax.net\/wp-content\/uploads\/2026\/04\/6269602_imagem-1-150x150.jpeg\" alt=\"AGT \u201cHUMILHA\u201d JO\u00c3O LOUREN\u00c7O NA SUA LUTA DE COMBATE \u00c0 CORRUP\u00c7\u00c3O\">\r\n                                                                <\/a>\r\n                            <\/div>\r\n                                                <div class=\"small-post-content\">\r\n                                <div class=\"mg-blog-category\">\r\n                                   <a class=\"newsup-categories category-color-1\" href=\"https:\/\/jornalfax.net\/index.php\/category\/actualidade\/\" alt=\"View all posts in Actualidade\"> \r\n                                 Actualidade\r\n                             <\/a><a class=\"newsup-categories category-color-1\" href=\"https:\/\/jornalfax.net\/index.php\/category\/destaque\/\" alt=\"View all posts in Destaque\"> \r\n                                 Destaque\r\n                             <\/a>                                <\/div>\r\n                                 <div class=\"title_small_post\">\r\n                                    \r\n                                    <h5>\r\n                                        <a href=\"https:\/\/jornalfax.net\/index.php\/2026\/04\/24\/agt-humilha-joao-lourenco-na-sua-luta-de-combate-a-corrupcao\/\">\r\n                                            AGT \u201cHUMILHA\u201d JO\u00c3O LOUREN\u00c7O NA SUA LUTA DE COMBATE \u00c0 CORRUP\u00c7\u00c3O                                        <\/a>\r\n                                    <\/h5>\r\n                                   \r\n                                <\/div>\r\n                        <\/div>\r\n                    <\/div>\r\n            <\/div><\/div><\/div>                        <\/div>\r\n                                    <\/div>\r\n            <\/div>\r\n            \t\t\t\t<\/div>\n\t\t\t\t<\/div>\n\t\t\t\t<\/div>\n\t\t<div class=\"elementor-element elementor-element-e898e75 e-con-full e-flex e-con e-child\" data-id=\"e898e75\" data-element_type=\"container\">\n\t\t\t\t<div class=\"elementor-element elementor-element-31f5937 eael-team-align-centered elementor-widget__width-initial elementor-widget elementor-widget-eael-team-member\" data-id=\"31f5937\" data-element_type=\"widget\" data-widget_type=\"eael-team-member.default\">\n\t\t\t\t<div class=\"elementor-widget-container\">\n\t\t\t\t\t\n\n\t<div id=\"eael-team-member-31f5937\" class=\"eael-team-item eael-team-members-circle \">\n\t\t<div class=\"eael-team-item-inner\">\n\t\t\t<div class=\"eael-team-image\">\n\t\t\t\t<figure>\n\t\t\t\t\t\t\t\t\t\t<img decoding=\"async\" src=\"https:\/\/jornalfax.net\/wp-content\/uploads\/elementor\/thumbs\/cropped-Jrnal-fax-sem-fundo-e1706964890421-qj9letw2gz8nyb7fjmk9kkj2w1q8li15ys04pe6rxk.png\" alt=\"\">\n\t\t\t\t<\/figure>\n\t\t\t\t\n\t\t\t\t\n\t\t\t<\/div>\n\n\t\t\t<div class=\"eael-team-content\">\n\t\t\t\t<h2 class=\"eael-team-member-name\"><\/h2><h3 class=\"eael-team-member-position\">Jornal Fax<\/h3>\n\t\t\t\t\t\t\t\t\t\t\t\t\t\t<p class=\"eael-team-text\">JORNAL FAX \u00e9 um \u00d3rg\u00e3o de Comunica\u00e7\u00e3o Social de Direito Angolano, registado sob o n\u00ba MCS-874\/B\/2018.<\/p>\n\t\t\t\t\t\t\t<\/div>\n\t\t<\/div>\n\t<\/div>\n\t\t\t\t\t<\/div>\n\t\t\t\t<\/div>\n\t\t\t\t<div class=\"elementor-element elementor-element-3032fec eael-team-align-centered elementor-widget__width-initial elementor-widget elementor-widget-eael-team-member\" data-id=\"3032fec\" data-element_type=\"widget\" data-widget_type=\"eael-team-member.default\">\n\t\t\t\t<div class=\"elementor-widget-container\">\n\t\t\t\t\t\n\n\t<div id=\"eael-team-member-3032fec\" class=\"eael-team-item eael-team-members-circle \">\n\t\t<div class=\"eael-team-item-inner\">\n\t\t\t<div class=\"eael-team-image\">\n\t\t\t\t<figure>\n\t\t\t\t\t\t\t\t\t\t<img decoding=\"async\" src=\"https:\/\/jornalfax.net\/wp-content\/uploads\/elementor\/thumbs\/Basic_Ui__28186_29-r1lv3gd852mgmp0damuy68gzrlnw6oyqk2uw1beoxe.jpg\" alt=\"Director\">\n\t\t\t\t<\/figure>\n\t\t\t\t\n\t\t\t\t\n\t\t\t<\/div>\n\n\t\t\t<div class=\"eael-team-content\">\n\t\t\t\t<h2 class=\"eael-team-member-name\">Director<\/h2><h3 class=\"eael-team-member-position\">Pedro Vicente <\/h3>\n\t\t\t\t\t\t\t\t\t\t\t\t\t\t<p class=\"eael-team-text\">jornalfax2@gmail.com\n<\/p>\n\t\t\t\t\t\t\t<\/div>\n\t\t<\/div>\n\t<\/div>\n\t\t\t\t\t<\/div>\n\t\t\t\t<\/div>\n\t\t\t\t<\/div>\n\t\t\t\t\t<\/div>\n\t\t\t\t<\/div>\n\t\t<div class=\"elementor-element elementor-element-fe5365b e-flex e-con-boxed e-con e-parent\" data-id=\"fe5365b\" data-element_type=\"container\">\n\t\t\t\t\t<div class=\"e-con-inner\">\n\t\t<div class=\"elementor-element elementor-element-884b210 e-con-full e-flex e-con e-child\" data-id=\"884b210\" data-element_type=\"container\">\n\t\t\t\t<div class=\"elementor-element elementor-element-622760e elementor-widget elementor-widget-image\" data-id=\"622760e\" data-element_type=\"widget\" data-widget_type=\"image.default\">\n\t\t\t\t<div class=\"elementor-widget-container\">\n\t\t\t\t\t\t\t\t\t\t\t\t\t\t\t<img fetchpriority=\"high\" decoding=\"async\" width=\"1920\" height=\"500\" src=\"https:\/\/jornalfax.net\/wp-content\/uploads\/2024\/02\/user_659739738.png\" class=\"attachment-full size-full wp-image-1737\" alt=\"\" srcset=\"https:\/\/jornalfax.net\/wp-content\/uploads\/2024\/02\/user_659739738.png 1920w, https:\/\/jornalfax.net\/wp-content\/uploads\/2024\/02\/user_659739738-300x78.png 300w, https:\/\/jornalfax.net\/wp-content\/uploads\/2024\/02\/user_659739738-1024x267.png 1024w, https:\/\/jornalfax.net\/wp-content\/uploads\/2024\/02\/user_659739738-768x200.png 768w, https:\/\/jornalfax.net\/wp-content\/uploads\/2024\/02\/user_659739738-1536x400.png 1536w\" sizes=\"(max-width: 1920px) 100vw, 1920px\" \/>\t\t\t\t\t\t\t\t\t\t\t\t\t\t\t<\/div>\n\t\t\t\t<\/div>\n\t\t\t\t<\/div>\n\t\t<div class=\"elementor-element elementor-element-1f4d72d e-con-full e-flex e-con e-child\" data-id=\"1f4d72d\" data-element_type=\"container\">\n\t\t\t\t<div class=\"elementor-element elementor-element-da513cd elementor-widget elementor-widget-image\" data-id=\"da513cd\" data-element_type=\"widget\" data-widget_type=\"image.default\">\n\t\t\t\t<div class=\"elementor-widget-container\">\n\t\t\t\t\t\t\t\t\t\t\t\t\t\t\t<img fetchpriority=\"high\" decoding=\"async\" width=\"1920\" height=\"500\" src=\"https:\/\/jornalfax.net\/wp-content\/uploads\/2024\/02\/user_659739738.png\" class=\"attachment-full size-full wp-image-1737\" alt=\"\" srcset=\"https:\/\/jornalfax.net\/wp-content\/uploads\/2024\/02\/user_659739738.png 1920w, https:\/\/jornalfax.net\/wp-content\/uploads\/2024\/02\/user_659739738-300x78.png 300w, https:\/\/jornalfax.net\/wp-content\/uploads\/2024\/02\/user_659739738-1024x267.png 1024w, https:\/\/jornalfax.net\/wp-content\/uploads\/2024\/02\/user_659739738-768x200.png 768w, https:\/\/jornalfax.net\/wp-content\/uploads\/2024\/02\/user_659739738-1536x400.png 1536w\" sizes=\"(max-width: 1920px) 100vw, 1920px\" \/>\t\t\t\t\t\t\t\t\t\t\t\t\t\t\t<\/div>\n\t\t\t\t<\/div>\n\t\t\t\t<\/div>\n\t\t\t\t\t<\/div>\n\t\t\t\t<\/div>\n\t\t<div class=\"elementor-element elementor-element-2b93d30 e-flex e-con-boxed e-con e-parent\" data-id=\"2b93d30\" data-element_type=\"container\">\n\t\t\t\t\t<div class=\"e-con-inner\">\n\t\t\t\t<div class=\"elementor-element elementor-element-cd77d7e anwp-pg-widget-header-style--g anwp-pg-post-teaser__post-icon--size-16 elementor-widget elementor-widget-anwp-pg-classic-grid\" data-id=\"cd77d7e\" data-element_type=\"widget\" data-widget_type=\"anwp-pg-classic-grid.default\">\n\t\t\t\t<div class=\"elementor-widget-container\">\n\t\t\t\t\t<div class=\"anwp-pg-wrap\">\n\n\t<div class=\"anwp-pg-widget-header d-flex align-items-center position-relative\">\n\t<h3 class=\"d-flex align-items-center flex-wrap anwp-pg-widget-header__title\"> Actualidade<\/h3>\t<div class=\"anwp-pg-widget-header__secondary-line\"><\/div>\n<\/div>\n\n\t<div class=\"d-flex anwp-row flex-wrap anwp-pg-classic-grid anwp-pg-posts-wrapper\">\n\t\t<div class=\"anwp-pg-post-teaser anwp-pg-post-teaser--inner-cover-link anwp-pg-post-teaser--layout-d d-flex flex-column anwp-col-lg-4 anwp-col-sm-6 anwp-col-12\">\n\t<div class=\"anwp-pg-post-teaser__thumbnail position-relative\">\n\n\t\t\t\t\t<div class=\"anwp-pg-post-teaser__top-meta d-flex flex-column anwp-pg-post-teaser__category-column mr-auto\">\n\t\t\t\t<div class=\"anwp-pg-category__wrapper-filled px-2 d-flex align-items-center anwp-pg-post-teaser__category-wrapper align-self-start anwp-pg-category-parent-0\" style=\"background-color: #1565C0\"><span>Actualidade<\/span><\/div><div class=\"anwp-pg-category__wrapper-filled px-2 d-flex align-items-center anwp-pg-post-teaser__category-wrapper align-self-start anwp-pg-category-parent-0\" style=\"background-color: #1565C0\"><span>Destaque<\/span><\/div>\t\t\t<\/div>\n\t\t\t\n\t\t\n\t\t\t\t\t<img loading=\"lazy\" class=\"anwp-pg-post-teaser__thumbnail-img d-block anwp-pg-height-180 anwp-object-cover m-0 w-100\"\n\t\t\t\talt=\"AGT \u201cHUMILHA\u201d JO\u00c3O LOUREN\u00c7O NA SUA LUTA DE COMBATE \u00c0 CORRUP\u00c7\u00c3O\"\n\t\t\t\tsrc=\"https:\/\/jornalfax.net\/wp-content\/uploads\/2026\/04\/6269602_imagem-1.jpeg\"\/>\n\t\t\n\t\t<div class=\"anwp-pg-post-teaser__thumbnail-bg anwp-position-cover\"><\/div>\n\n\t\t<a class=\"anwp-position-cover anwp-link-without-effects\" href=\"https:\/\/jornalfax.net\/index.php\/2026\/04\/24\/agt-humilha-joao-lourenco-na-sua-luta-de-combate-a-corrupcao\/\" aria-hidden=\"true\" ><\/a>\n\t<\/div>\n\n\t<div class=\"anwp-pg-post-teaser__content flex-grow-1 pt-1 d-flex flex-column\">\n\n\t\t<div class=\"anwp-pg-post-teaser__title anwp-font-heading mt-2\">\n\t\t\t<a class=\"anwp-link-without-effects\" href=\"https:\/\/jornalfax.net\/index.php\/2026\/04\/24\/agt-humilha-joao-lourenco-na-sua-luta-de-combate-a-corrupcao\/\" aria-hidden=\"true\" >\n\t\t\t\tAGT \u201cHUMILHA\u201d JO\u00c3O LOUREN\u00c7O NA SUA LUTA DE COMBATE \u00c0 CORRUP\u00c7\u00c3O\t\t\t<\/a>\n\t\t<\/div>\n\n\t\t<div class=\"anwp-pg-post-teaser__bottom-meta d-flex flex-wrap\">\n\n\t\t\t\t\t\t\t<div class=\"anwp-pg-post-teaser__bottom-meta-item d-flex align-items-center mr-3\">\n\t\t\t\t\t<svg class=\"anwp-pg-icon anwp-pg-icon--s16 mr-1\">\n\t\t\t\t\t\t<use xlink:href=\"#icon-anwp-pg-calendar\"><\/use>\n\t\t\t\t\t<\/svg>\n\t\t\t\t\t<span class=\"posted-on m-0\"><span class=\"screen-reader-text\">Posted on<\/span><time class=\"anwp-pg-published\" datetime=\"2026-04-24T14:12:42-03:00\">24 de abril de 2026<\/time><time class=\"anwp-pg-updated\" datetime=\"2026-04-24T14:12:43-03:00\">24 de abril de 2026<\/time><\/span>\n\t\t\t\t<\/div>\n\t\t\t\t\n\t\t\t\t\t<\/div>\n\n\t\t\t\t\t<div class=\"anwp-pg-post-teaser__excerpt mb-2\">\n\t\t\t\tO combate \u00e0 corrup\u00e7\u00e3o, uma bandeira defendida pelo Presidente da Rep\u00fablica, Jo\u00e3o Louren\u00e7o, no poder desde 2017, n\u00e3o tem \u201cpernas para andar\u201d, no seio da Administra\u00e7\u00e3o Geral Tribut\u00e1ria (AGT), onde ...\t\t\t<\/div>\n\t\t\n\t\t\n\t<\/div>\n\n<\/div>\n<div class=\"anwp-pg-post-teaser anwp-pg-post-teaser--inner-cover-link anwp-pg-post-teaser--layout-d d-flex flex-column anwp-col-lg-4 anwp-col-sm-6 anwp-col-12\">\n\t<div class=\"anwp-pg-post-teaser__thumbnail position-relative\">\n\n\t\t\t\t\t<div class=\"anwp-pg-post-teaser__top-meta d-flex flex-column anwp-pg-post-teaser__category-column mr-auto\">\n\t\t\t\t<div class=\"anwp-pg-category__wrapper-filled px-2 d-flex align-items-center anwp-pg-post-teaser__category-wrapper align-self-start anwp-pg-category-parent-0\" style=\"background-color: #1565C0\"><span>Actualidade<\/span><\/div><div class=\"anwp-pg-category__wrapper-filled px-2 d-flex align-items-center anwp-pg-post-teaser__category-wrapper align-self-start anwp-pg-category-parent-0\" style=\"background-color: #1565C0\"><span>Destaque<\/span><\/div>\t\t\t<\/div>\n\t\t\t\n\t\t\n\t\t\t\t\t<img loading=\"lazy\" class=\"anwp-pg-post-teaser__thumbnail-img d-block anwp-pg-height-180 anwp-object-cover m-0 w-100\"\n\t\t\t\talt=\"MPLA V\u00cdTIMA DE SI MESMO: CAMARADAS ALERTAM CIRCULA\u00c7\u00c3O DE DOCUMENTOS N\u00c3O OFICIAIS NO PROCESSO DE CANDIDATURAS AO IX CONGRESSO\"\n\t\t\t\tsrc=\"https:\/\/jornalfax.net\/wp-content\/uploads\/2026\/04\/a01b0e3b45596bb361c5b96f834a1ebb_L.jpg\"\/>\n\t\t\n\t\t<div class=\"anwp-pg-post-teaser__thumbnail-bg anwp-position-cover\"><\/div>\n\n\t\t<a class=\"anwp-position-cover anwp-link-without-effects\" href=\"https:\/\/jornalfax.net\/index.php\/2026\/04\/23\/mpla-vitima-de-si-mesmo-camaradas-alertam-circulacao-de-documentos-nao-oficiais-no-processo-de-candidaturas-ao-ix-congresso\/\" aria-hidden=\"true\" ><\/a>\n\t<\/div>\n\n\t<div class=\"anwp-pg-post-teaser__content flex-grow-1 pt-1 d-flex flex-column\">\n\n\t\t<div class=\"anwp-pg-post-teaser__title anwp-font-heading mt-2\">\n\t\t\t<a class=\"anwp-link-without-effects\" href=\"https:\/\/jornalfax.net\/index.php\/2026\/04\/23\/mpla-vitima-de-si-mesmo-camaradas-alertam-circulacao-de-documentos-nao-oficiais-no-processo-de-candidaturas-ao-ix-congresso\/\" aria-hidden=\"true\" >\n\t\t\t\tMPLA V\u00cdTIMA DE SI MESMO: CAMARADAS ALERTAM CIRCULA\u00c7\u00c3O DE DOCUMENTOS N\u00c3O OFICIAIS NO PROCESSO DE CANDIDATURAS AO IX CONGRESSO\t\t\t<\/a>\n\t\t<\/div>\n\n\t\t<div class=\"anwp-pg-post-teaser__bottom-meta d-flex flex-wrap\">\n\n\t\t\t\t\t\t\t<div class=\"anwp-pg-post-teaser__bottom-meta-item d-flex align-items-center mr-3\">\n\t\t\t\t\t<svg class=\"anwp-pg-icon anwp-pg-icon--s16 mr-1\">\n\t\t\t\t\t\t<use xlink:href=\"#icon-anwp-pg-calendar\"><\/use>\n\t\t\t\t\t<\/svg>\n\t\t\t\t\t<span class=\"posted-on m-0\"><span class=\"screen-reader-text\">Posted on<\/span><time class=\"anwp-pg-published\" datetime=\"2026-04-23T14:17:59-03:00\">23 de abril de 2026<\/time><time class=\"anwp-pg-updated\" datetime=\"2026-04-23T14:18:00-03:00\">23 de abril de 2026<\/time><\/span>\n\t\t\t\t<\/div>\n\t\t\t\t\n\t\t\t\t\t<\/div>\n\n\t\t\t\t\t<div class=\"anwp-pg-post-teaser__excerpt mb-2\">\n\t\t\t\tA Subcomiss\u00e3o de Candidaturas ao IX Congresso Ordin\u00e1rio do MPLA manifestou-se, esta quarta-feira (22), contra a utiliza\u00e7\u00e3o, divulga\u00e7\u00e3o e circula\u00e7\u00e3o de documentos n\u00e3o oficiais \u201cpor parte de indiv\u00edduos de m\u00e1-f\u00e9\u201d, ...\t\t\t<\/div>\n\t\t\n\t\t\n\t<\/div>\n\n<\/div>\n<div class=\"anwp-pg-post-teaser anwp-pg-post-teaser--inner-cover-link anwp-pg-post-teaser--layout-d d-flex flex-column anwp-col-lg-4 anwp-col-sm-6 anwp-col-12\">\n\t<div class=\"anwp-pg-post-teaser__thumbnail position-relative\">\n\n\t\t\t\t\t<div class=\"anwp-pg-post-teaser__top-meta d-flex flex-column anwp-pg-post-teaser__category-column mr-auto\">\n\t\t\t\t<div class=\"anwp-pg-category__wrapper-filled px-2 d-flex align-items-center anwp-pg-post-teaser__category-wrapper align-self-start anwp-pg-category-parent-0\" style=\"background-color: #1565C0\"><span>Actualidade<\/span><\/div><div class=\"anwp-pg-category__wrapper-filled px-2 d-flex align-items-center anwp-pg-post-teaser__category-wrapper align-self-start anwp-pg-category-parent-0\" style=\"background-color: #1565C0\"><span>Destaque<\/span><\/div>\t\t\t<\/div>\n\t\t\t\n\t\t\n\t\t\t\t\t<img loading=\"lazy\" class=\"anwp-pg-post-teaser__thumbnail-img d-block anwp-pg-height-180 anwp-object-cover m-0 w-100\"\n\t\t\t\talt=\"DOM JOS\u00c9 MANUEL IMBAMBA: &#8220;SAURIMO TORNA-SE HOJE CAPITAL DO MUNDO&#8221;\"\n\t\t\t\tsrc=\"https:\/\/jornalfax.net\/wp-content\/uploads\/2026\/04\/6275207_imagem-1.jpeg\"\/>\n\t\t\n\t\t<div class=\"anwp-pg-post-teaser__thumbnail-bg anwp-position-cover\"><\/div>\n\n\t\t<a class=\"anwp-position-cover anwp-link-without-effects\" href=\"https:\/\/jornalfax.net\/index.php\/2026\/04\/20\/dom-jose-manuel-imbamba-saurimo-torna-se-hoje-capital-do-mundo\/\" aria-hidden=\"true\" ><\/a>\n\t<\/div>\n\n\t<div class=\"anwp-pg-post-teaser__content flex-grow-1 pt-1 d-flex flex-column\">\n\n\t\t<div class=\"anwp-pg-post-teaser__title anwp-font-heading mt-2\">\n\t\t\t<a class=\"anwp-link-without-effects\" href=\"https:\/\/jornalfax.net\/index.php\/2026\/04\/20\/dom-jose-manuel-imbamba-saurimo-torna-se-hoje-capital-do-mundo\/\" aria-hidden=\"true\" >\n\t\t\t\tDOM JOS\u00c9 MANUEL IMBAMBA: &#8220;SAURIMO TORNA-SE HOJE CAPITAL DO MUNDO&#8221;\t\t\t<\/a>\n\t\t<\/div>\n\n\t\t<div class=\"anwp-pg-post-teaser__bottom-meta d-flex flex-wrap\">\n\n\t\t\t\t\t\t\t<div class=\"anwp-pg-post-teaser__bottom-meta-item d-flex align-items-center mr-3\">\n\t\t\t\t\t<svg class=\"anwp-pg-icon anwp-pg-icon--s16 mr-1\">\n\t\t\t\t\t\t<use xlink:href=\"#icon-anwp-pg-calendar\"><\/use>\n\t\t\t\t\t<\/svg>\n\t\t\t\t\t<span class=\"posted-on m-0\"><span class=\"screen-reader-text\">Posted on<\/span><time class=\"anwp-pg-published\" datetime=\"2026-04-20T13:36:54-03:00\">20 de abril de 2026<\/time><time class=\"anwp-pg-updated\" datetime=\"2026-04-20T13:36:55-03:00\">20 de abril de 2026<\/time><\/span>\n\t\t\t\t<\/div>\n\t\t\t\t\n\t\t\t\t\t<\/div>\n\n\t\t\t\t\t<div class=\"anwp-pg-post-teaser__excerpt mb-2\">\n\t\t\t\tO Arcebispo de Saurimo, Dom Jos\u00e9 Manuel Imbamba, disse, hoje, durante a sauda\u00e7\u00e3o ap\u00f3s a Comunh\u00e3o na missa campal da prov\u00edncia da Lunda-Sul, que &#8220;Saurimo torna-se hoje capital do mundo&#8221; ...\t\t\t<\/div>\n\t\t\n\t\t\n\t<\/div>\n\n<\/div>\n<div class=\"anwp-pg-post-teaser anwp-pg-post-teaser--inner-cover-link anwp-pg-post-teaser--layout-d d-flex flex-column anwp-col-lg-4 anwp-col-sm-6 anwp-col-12\">\n\t<div class=\"anwp-pg-post-teaser__thumbnail position-relative\">\n\n\t\t\t\t\t<div class=\"anwp-pg-post-teaser__top-meta d-flex flex-column anwp-pg-post-teaser__category-column mr-auto\">\n\t\t\t\t<div class=\"anwp-pg-category__wrapper-filled px-2 d-flex align-items-center anwp-pg-post-teaser__category-wrapper align-self-start anwp-pg-category-parent-0\" style=\"background-color: #1565C0\"><span>Actualidade<\/span><\/div><div class=\"anwp-pg-category__wrapper-filled px-2 d-flex align-items-center anwp-pg-post-teaser__category-wrapper align-self-start anwp-pg-category-parent-0\" style=\"background-color: #1565C0\"><span>Destaque<\/span><\/div>\t\t\t<\/div>\n\t\t\t\n\t\t\n\t\t\t\t\t<img loading=\"lazy\" class=\"anwp-pg-post-teaser__thumbnail-img d-block anwp-pg-height-180 anwp-object-cover m-0 w-100\"\n\t\t\t\talt=\"PRESIDENTE DA COMISS\u00c3O PREPARAT\u00d3RIA DO VI CONGRESSO ORDIN\u00c1RIO DA FNLA DETIDO PELA POL\u00cdCIA\"\n\t\t\t\tsrc=\"https:\/\/jornalfax.net\/wp-content\/uploads\/2026\/04\/PRESIDENTE-DA-FNLA.jpg\"\/>\n\t\t\n\t\t<div class=\"anwp-pg-post-teaser__thumbnail-bg anwp-position-cover\"><\/div>\n\n\t\t<a class=\"anwp-position-cover anwp-link-without-effects\" href=\"https:\/\/jornalfax.net\/index.php\/2026\/04\/16\/presidente-da-comissao-preparatoria-do-vi-congresso-ordinario-da-fnla-detido-pela-policia\/\" aria-hidden=\"true\" ><\/a>\n\t<\/div>\n\n\t<div class=\"anwp-pg-post-teaser__content flex-grow-1 pt-1 d-flex flex-column\">\n\n\t\t<div class=\"anwp-pg-post-teaser__title anwp-font-heading mt-2\">\n\t\t\t<a class=\"anwp-link-without-effects\" href=\"https:\/\/jornalfax.net\/index.php\/2026\/04\/16\/presidente-da-comissao-preparatoria-do-vi-congresso-ordinario-da-fnla-detido-pela-policia\/\" aria-hidden=\"true\" >\n\t\t\t\tPRESIDENTE DA COMISS\u00c3O PREPARAT\u00d3RIA DO VI CONGRESSO ORDIN\u00c1RIO DA FNLA DETIDO PELA POL\u00cdCIA\t\t\t<\/a>\n\t\t<\/div>\n\n\t\t<div class=\"anwp-pg-post-teaser__bottom-meta d-flex flex-wrap\">\n\n\t\t\t\t\t\t\t<div class=\"anwp-pg-post-teaser__bottom-meta-item d-flex align-items-center mr-3\">\n\t\t\t\t\t<svg class=\"anwp-pg-icon anwp-pg-icon--s16 mr-1\">\n\t\t\t\t\t\t<use xlink:href=\"#icon-anwp-pg-calendar\"><\/use>\n\t\t\t\t\t<\/svg>\n\t\t\t\t\t<span class=\"posted-on m-0\"><span class=\"screen-reader-text\">Posted on<\/span><time class=\"anwp-pg-published\" datetime=\"2026-04-16T05:47:57-03:00\">16 de abril de 2026<\/time><time class=\"anwp-pg-updated\" datetime=\"2026-04-16T05:47:58-03:00\">16 de abril de 2026<\/time><\/span>\n\t\t\t\t<\/div>\n\t\t\t\t\n\t\t\t\t\t<\/div>\n\n\t\t\t\t\t<div class=\"anwp-pg-post-teaser__excerpt mb-2\">\n\t\t\t\tA Pol\u00edcia Nacional prendeu esta segunda-feira, 13, o membro do Comit\u00e9 Central da FNLA, Ndonda Nzinga, indicado presidente da comiss\u00e3o preparat\u00f3ria do VI Congresso Ordin\u00e1rio da FNLA foi convocado pelo ...\t\t\t<\/div>\n\t\t\n\t\t\n\t<\/div>\n\n<\/div>\n<div class=\"anwp-pg-post-teaser anwp-pg-post-teaser--inner-cover-link anwp-pg-post-teaser--layout-d d-flex flex-column anwp-col-lg-4 anwp-col-sm-6 anwp-col-12\">\n\t<div class=\"anwp-pg-post-teaser__thumbnail position-relative\">\n\n\t\t\t\t\t<div class=\"anwp-pg-post-teaser__top-meta d-flex flex-column anwp-pg-post-teaser__category-column mr-auto\">\n\t\t\t\t<div class=\"anwp-pg-category__wrapper-filled px-2 d-flex align-items-center anwp-pg-post-teaser__category-wrapper align-self-start anwp-pg-category-parent-0\" style=\"background-color: #1565C0\"><span>Actualidade<\/span><\/div><div class=\"anwp-pg-category__wrapper-filled px-2 d-flex align-items-center anwp-pg-post-teaser__category-wrapper align-self-start anwp-pg-category-parent-0\" style=\"background-color: #1565C0\"><span>Destaque<\/span><\/div>\t\t\t<\/div>\n\t\t\t\n\t\t\n\t\t\t\t\t<img loading=\"lazy\" class=\"anwp-pg-post-teaser__thumbnail-img d-block anwp-pg-height-180 anwp-object-cover m-0 w-100\"\n\t\t\t\talt=\"COMISS\u00c3O DA CARTEIRA E \u00c9TICA (CCE) GARANTE M\u00c3O PESADA PARA JORNALISTAS SEM CARTEIRA\"\n\t\t\t\tsrc=\"https:\/\/jornalfax.net\/wp-content\/uploads\/2026\/04\/663281422_122199507338493801_280277473147331010_n.jpg\"\/>\n\t\t\n\t\t<div class=\"anwp-pg-post-teaser__thumbnail-bg anwp-position-cover\"><\/div>\n\n\t\t<a class=\"anwp-position-cover anwp-link-without-effects\" href=\"https:\/\/jornalfax.net\/index.php\/2026\/04\/09\/comissao-da-carteira-e-etica-cce-garante-mao-pesada-para-jornalistas-sem-carteira\/\" aria-hidden=\"true\" ><\/a>\n\t<\/div>\n\n\t<div class=\"anwp-pg-post-teaser__content flex-grow-1 pt-1 d-flex flex-column\">\n\n\t\t<div class=\"anwp-pg-post-teaser__title anwp-font-heading mt-2\">\n\t\t\t<a class=\"anwp-link-without-effects\" href=\"https:\/\/jornalfax.net\/index.php\/2026\/04\/09\/comissao-da-carteira-e-etica-cce-garante-mao-pesada-para-jornalistas-sem-carteira\/\" aria-hidden=\"true\" >\n\t\t\t\tCOMISS\u00c3O DA CARTEIRA E \u00c9TICA (CCE) GARANTE M\u00c3O PESADA PARA JORNALISTAS SEM CARTEIRA\t\t\t<\/a>\n\t\t<\/div>\n\n\t\t<div class=\"anwp-pg-post-teaser__bottom-meta d-flex flex-wrap\">\n\n\t\t\t\t\t\t\t<div class=\"anwp-pg-post-teaser__bottom-meta-item d-flex align-items-center mr-3\">\n\t\t\t\t\t<svg class=\"anwp-pg-icon anwp-pg-icon--s16 mr-1\">\n\t\t\t\t\t\t<use xlink:href=\"#icon-anwp-pg-calendar\"><\/use>\n\t\t\t\t\t<\/svg>\n\t\t\t\t\t<span class=\"posted-on m-0\"><span class=\"screen-reader-text\">Posted on<\/span><time class=\"anwp-pg-published\" datetime=\"2026-04-09T10:43:04-03:00\">9 de abril de 2026<\/time><time class=\"anwp-pg-updated\" datetime=\"2026-04-09T10:43:06-03:00\">9 de abril de 2026<\/time><\/span>\n\t\t\t\t<\/div>\n\t\t\t\t\n\t\t\t\t\t<\/div>\n\n\t\t\t\t\t<div class=\"anwp-pg-post-teaser__excerpt mb-2\">\n\t\t\t\tA presidente da Comiss\u00e3o da Carteira e \u00c9tica dos Jornalistas, Maria Lu\u00edsa Rog\u00e9rio, manifestou preocupa\u00e7\u00e3o, devido ao n\u00famero de profissionais que exercem a actividade jornal\u00edstica em Angola sem a devida ...\t\t\t<\/div>\n\t\t\n\t\t\n\t<\/div>\n\n<\/div>\n<div class=\"anwp-pg-post-teaser anwp-pg-post-teaser--inner-cover-link anwp-pg-post-teaser--layout-d d-flex flex-column anwp-col-lg-4 anwp-col-sm-6 anwp-col-12\">\n\t<div class=\"anwp-pg-post-teaser__thumbnail position-relative\">\n\n\t\t\t\t\t<div class=\"anwp-pg-post-teaser__top-meta d-flex flex-column anwp-pg-post-teaser__category-column mr-auto\">\n\t\t\t\t<div class=\"anwp-pg-category__wrapper-filled px-2 d-flex align-items-center anwp-pg-post-teaser__category-wrapper align-self-start anwp-pg-category-parent-0\" style=\"background-color: #1565C0\"><span>Actualidade<\/span><\/div><div class=\"anwp-pg-category__wrapper-filled px-2 d-flex align-items-center anwp-pg-post-teaser__category-wrapper align-self-start anwp-pg-category-parent-0\" style=\"background-color: #1565C0\"><span>Destaque<\/span><\/div>\t\t\t<\/div>\n\t\t\t\n\t\t\n\t\t\t\t\t<img loading=\"lazy\" class=\"anwp-pg-post-teaser__thumbnail-img d-block anwp-pg-height-180 anwp-object-cover m-0 w-100\"\n\t\t\t\talt=\"CABINDA O \u201cKUWAIT\u201d DE ANGOLA COM A POPULA\u00c7\u00c3O COLOCADA A UM BEM SEM SA\u00cdDA\"\n\t\t\t\tsrc=\"https:\/\/jornalfax.net\/wp-content\/uploads\/2026\/04\/Contrabando-de-Combustivel_Prancheta-1-1024x576-1.jpg\"\/>\n\t\t\n\t\t<div class=\"anwp-pg-post-teaser__thumbnail-bg anwp-position-cover\"><\/div>\n\n\t\t<a class=\"anwp-position-cover anwp-link-without-effects\" href=\"https:\/\/jornalfax.net\/index.php\/2026\/04\/01\/cabinda-o-kuwait-de-angola-com-a-populacao-colocada-a-um-bem-sem-saida\/\" aria-hidden=\"true\" ><\/a>\n\t<\/div>\n\n\t<div class=\"anwp-pg-post-teaser__content flex-grow-1 pt-1 d-flex flex-column\">\n\n\t\t<div class=\"anwp-pg-post-teaser__title anwp-font-heading mt-2\">\n\t\t\t<a class=\"anwp-link-without-effects\" href=\"https:\/\/jornalfax.net\/index.php\/2026\/04\/01\/cabinda-o-kuwait-de-angola-com-a-populacao-colocada-a-um-bem-sem-saida\/\" aria-hidden=\"true\" >\n\t\t\t\tCABINDA O \u201cKUWAIT\u201d DE ANGOLA COM A POPULA\u00c7\u00c3O COLOCADA A UM BEM SEM SA\u00cdDA\t\t\t<\/a>\n\t\t<\/div>\n\n\t\t<div class=\"anwp-pg-post-teaser__bottom-meta d-flex flex-wrap\">\n\n\t\t\t\t\t\t\t<div class=\"anwp-pg-post-teaser__bottom-meta-item d-flex align-items-center mr-3\">\n\t\t\t\t\t<svg class=\"anwp-pg-icon anwp-pg-icon--s16 mr-1\">\n\t\t\t\t\t\t<use xlink:href=\"#icon-anwp-pg-calendar\"><\/use>\n\t\t\t\t\t<\/svg>\n\t\t\t\t\t<span class=\"posted-on m-0\"><span class=\"screen-reader-text\">Posted on<\/span><time class=\"anwp-pg-published\" datetime=\"2026-04-01T11:52:03-03:00\">1 de abril de 2026<\/time><time class=\"anwp-pg-updated\" datetime=\"2026-04-01T11:52:04-03:00\">1 de abril de 2026<\/time><\/span>\n\t\t\t\t<\/div>\n\t\t\t\t\n\t\t\t\t\t<\/div>\n\n\t\t\t\t\t<div class=\"anwp-pg-post-teaser__excerpt mb-2\">\n\t\t\t\tA prov\u00edncia de Cabinda, embora seja rica em recursos petrol\u00edferos, enfrenta desafios significativos que afetam a qualidade de vida da sua popula\u00e7\u00e3o. A popula\u00e7\u00e3o tem enfrentado graves dificuldades no acesso ...\t\t\t<\/div>\n\t\t\n\t\t\n\t<\/div>\n\n<\/div>\n\t<\/div>\n\t\n\t<\/div>\n\t\t\t\t<\/div>\n\t\t\t\t<\/div>\n\t\t\t\t\t<\/div>\n\t\t\t\t<\/div>\n\t\t<div class=\"elementor-element elementor-element-309e94c e-flex e-con-boxed e-con e-parent\" data-id=\"309e94c\" data-element_type=\"container\">\n\t\t\t\t\t<div class=\"e-con-inner\">\n\t\t\t\t\t<\/div>\n\t\t\t\t<\/div>\n\t\t<div class=\"elementor-element elementor-element-1ed9a1d e-flex e-con-boxed e-con e-parent\" data-id=\"1ed9a1d\" data-element_type=\"container\">\n\t\t\t\t\t<div class=\"e-con-inner\">\n\t\t\t\t<div class=\"elementor-element elementor-element-9a6bab4 anwp-pg-widget-header-style--g anwp-pg-post-teaser__post-icon--size-16 elementor-widget elementor-widget-anwp-pg-classic-grid\" data-id=\"9a6bab4\" data-element_type=\"widget\" data-widget_type=\"anwp-pg-classic-grid.default\">\n\t\t\t\t<div class=\"elementor-widget-container\">\n\t\t\t\t\t<div class=\"anwp-pg-wrap\">\n\n\t<div class=\"anwp-pg-widget-header d-flex align-items-center position-relative\">\n\t<h3 class=\"d-flex align-items-center flex-wrap anwp-pg-widget-header__title\"> Em Foco<\/h3>\t<div class=\"anwp-pg-widget-header__secondary-line\"><\/div>\n<\/div>\n\n\t<div class=\"d-flex anwp-row flex-wrap anwp-pg-classic-grid anwp-pg-posts-wrapper\">\n\t\t<div class=\"anwp-pg-post-teaser anwp-pg-post-teaser--inner-cover-link anwp-pg-post-teaser--layout-d d-flex flex-column anwp-col-lg-4 anwp-col-sm-6 anwp-col-12\">\n\t<div class=\"anwp-pg-post-teaser__thumbnail position-relative\">\n\n\t\t\t\t\t<div class=\"anwp-pg-post-teaser__top-meta d-flex flex-column anwp-pg-post-teaser__category-column mr-auto\">\n\t\t\t\t<div class=\"anwp-pg-category__wrapper-filled px-2 d-flex align-items-center anwp-pg-post-teaser__category-wrapper align-self-start anwp-pg-category-parent-0\" style=\"background-color: #1565C0\"><span>Destaque<\/span><\/div><div class=\"anwp-pg-category__wrapper-filled px-2 d-flex align-items-center anwp-pg-post-teaser__category-wrapper align-self-start anwp-pg-category-parent-0\" style=\"background-color: #1565C0\"><span>Em Foco<\/span><\/div>\t\t\t<\/div>\n\t\t\t\n\t\t\n\t\t\t\t\t<img loading=\"lazy\" class=\"anwp-pg-post-teaser__thumbnail-img d-block anwp-pg-height-180 anwp-object-cover m-0 w-100\"\n\t\t\t\talt=\"DEN\u00daNCIAS DE COL\u00c9GIOS ILEGAIS LEVAM DIRECTOR DA EDUCA\u00c7\u00c3O DA MAIANGA A CONVOCAR REUNI\u00c3O DE URG\u00caNCIA COM OS MESMO\"\n\t\t\t\tsrc=\"https:\/\/jornalfax.net\/wp-content\/uploads\/2026\/04\/581dc194-8263-4074-b2ee-176a1bbaa309.jpg\"\/>\n\t\t\n\t\t<div class=\"anwp-pg-post-teaser__thumbnail-bg anwp-position-cover\"><\/div>\n\n\t\t<a class=\"anwp-position-cover anwp-link-without-effects\" href=\"https:\/\/jornalfax.net\/index.php\/2026\/04\/24\/denuncias-de-colegios-ilegais-levam-director-da-educacao-da-maianga-a-convocar-reuniao-de-urgencia-com-os-mesmo\/\" aria-hidden=\"true\" ><\/a>\n\t<\/div>\n\n\t<div class=\"anwp-pg-post-teaser__content flex-grow-1 pt-1 d-flex flex-column\">\n\n\t\t<div class=\"anwp-pg-post-teaser__title anwp-font-heading mt-2\">\n\t\t\t<a class=\"anwp-link-without-effects\" href=\"https:\/\/jornalfax.net\/index.php\/2026\/04\/24\/denuncias-de-colegios-ilegais-levam-director-da-educacao-da-maianga-a-convocar-reuniao-de-urgencia-com-os-mesmo\/\" aria-hidden=\"true\" >\n\t\t\t\tDEN\u00daNCIAS DE COL\u00c9GIOS ILEGAIS LEVAM DIRECTOR DA EDUCA\u00c7\u00c3O DA MAIANGA A CONVOCAR REUNI\u00c3O DE URG\u00caNCIA COM OS MESMO\t\t\t<\/a>\n\t\t<\/div>\n\n\t\t<div class=\"anwp-pg-post-teaser__bottom-meta d-flex flex-wrap\">\n\n\t\t\t\t\t\t\t<div class=\"anwp-pg-post-teaser__bottom-meta-item d-flex align-items-center mr-3\">\n\t\t\t\t\t<svg class=\"anwp-pg-icon anwp-pg-icon--s16 mr-1\">\n\t\t\t\t\t\t<use xlink:href=\"#icon-anwp-pg-calendar\"><\/use>\n\t\t\t\t\t<\/svg>\n\t\t\t\t\t<span class=\"posted-on m-0\"><span class=\"screen-reader-text\">Posted on<\/span><time class=\"anwp-pg-published\" datetime=\"2026-04-24T16:38:24-03:00\">24 de abril de 2026<\/time><time class=\"anwp-pg-updated\" datetime=\"2026-04-24T16:38:25-03:00\">24 de abril de 2026<\/time><\/span>\n\t\t\t\t<\/div>\n\t\t\t\t\n\t\t\t\t\t<\/div>\n\n\t\t\t\t\t<div class=\"anwp-pg-post-teaser__excerpt mb-2\">\n\t\t\t\tAp\u00f3s den\u00fancias sobre a exist\u00eancia de mais de 2.600 escolas ilegais em Luanda, entre elas, cerca de 16 no munic\u00edpio da Maianga, o director municipal da Educa\u00e7\u00e3o, Lino Pedro Cassumba, ...\t\t\t<\/div>\n\t\t\n\t\t\n\t<\/div>\n\n<\/div>\n<div class=\"anwp-pg-post-teaser anwp-pg-post-teaser--inner-cover-link anwp-pg-post-teaser--layout-d d-flex flex-column anwp-col-lg-4 anwp-col-sm-6 anwp-col-12\">\n\t<div class=\"anwp-pg-post-teaser__thumbnail position-relative\">\n\n\t\t\t\t\t<div class=\"anwp-pg-post-teaser__top-meta d-flex flex-column anwp-pg-post-teaser__category-column mr-auto\">\n\t\t\t\t<div class=\"anwp-pg-category__wrapper-filled px-2 d-flex align-items-center anwp-pg-post-teaser__category-wrapper align-self-start anwp-pg-category-parent-0\" style=\"background-color: #1565C0\"><span>Destaque<\/span><\/div><div class=\"anwp-pg-category__wrapper-filled px-2 d-flex align-items-center anwp-pg-post-teaser__category-wrapper align-self-start anwp-pg-category-parent-0\" style=\"background-color: #1565C0\"><span>Em Foco<\/span><\/div>\t\t\t<\/div>\n\t\t\t\n\t\t\n\t\t\t\t\t<img loading=\"lazy\" class=\"anwp-pg-post-teaser__thumbnail-img d-block anwp-pg-height-180 anwp-object-cover m-0 w-100\"\n\t\t\t\talt=\"PRESIDENTE DO ISP-BENGO AURORA BAMBI ACUSADA DE DESAFIAR DECIS\u00c3O JUDICIAL E FAVORECER FAMILIARES EM CONCURSOS P\u00daBLICOS\"\n\t\t\t\tsrc=\"https:\/\/jornalfax.net\/wp-content\/uploads\/2026\/04\/2a4d4a1b-36bc-4b96-b4e6-9b3420e2e6e0-1.jpg\"\/>\n\t\t\n\t\t<div class=\"anwp-pg-post-teaser__thumbnail-bg anwp-position-cover\"><\/div>\n\n\t\t<a class=\"anwp-position-cover anwp-link-without-effects\" href=\"https:\/\/jornalfax.net\/index.php\/2026\/04\/24\/presidente-do-isp-bengo-aurora-bambi-acusada-de-desafiar-decisao-judicial-e-favorecer-familiares-em-concursos-publicos\/\" aria-hidden=\"true\" ><\/a>\n\t<\/div>\n\n\t<div class=\"anwp-pg-post-teaser__content flex-grow-1 pt-1 d-flex flex-column\">\n\n\t\t<div class=\"anwp-pg-post-teaser__title anwp-font-heading mt-2\">\n\t\t\t<a class=\"anwp-link-without-effects\" href=\"https:\/\/jornalfax.net\/index.php\/2026\/04\/24\/presidente-do-isp-bengo-aurora-bambi-acusada-de-desafiar-decisao-judicial-e-favorecer-familiares-em-concursos-publicos\/\" aria-hidden=\"true\" >\n\t\t\t\tPRESIDENTE DO ISP-BENGO AURORA BAMBI ACUSADA DE DESAFIAR DECIS\u00c3O JUDICIAL E FAVORECER FAMILIARES EM CONCURSOS P\u00daBLICOS\t\t\t<\/a>\n\t\t<\/div>\n\n\t\t<div class=\"anwp-pg-post-teaser__bottom-meta d-flex flex-wrap\">\n\n\t\t\t\t\t\t\t<div class=\"anwp-pg-post-teaser__bottom-meta-item d-flex align-items-center mr-3\">\n\t\t\t\t\t<svg class=\"anwp-pg-icon anwp-pg-icon--s16 mr-1\">\n\t\t\t\t\t\t<use xlink:href=\"#icon-anwp-pg-calendar\"><\/use>\n\t\t\t\t\t<\/svg>\n\t\t\t\t\t<span class=\"posted-on m-0\"><span class=\"screen-reader-text\">Posted on<\/span><time class=\"anwp-pg-published\" datetime=\"2026-04-24T14:14:58-03:00\">24 de abril de 2026<\/time><time class=\"anwp-pg-updated\" datetime=\"2026-04-24T14:15:01-03:00\">24 de abril de 2026<\/time><\/span>\n\t\t\t\t<\/div>\n\t\t\t\t\n\t\t\t\t\t<\/div>\n\n\t\t\t\t\t<div class=\"anwp-pg-post-teaser__excerpt mb-2\">\n\t\t\t\t\u00a0 A presidente do Instituto Superior Polit\u00e9cnico do Bengo(ISP-Bengo), Aurora Bambi, \u00e9 acusada de desrespeitar uma decis\u00e3o do Tribunal daRela\u00e7\u00e3o de Luanda e de promover alegado favorecimento familiar em concursosp\u00fablicos, ...\t\t\t<\/div>\n\t\t\n\t\t\n\t<\/div>\n\n<\/div>\n<div class=\"anwp-pg-post-teaser anwp-pg-post-teaser--inner-cover-link anwp-pg-post-teaser--layout-d d-flex flex-column anwp-col-lg-4 anwp-col-sm-6 anwp-col-12\">\n\t<div class=\"anwp-pg-post-teaser__thumbnail position-relative\">\n\n\t\t\t\t\t<div class=\"anwp-pg-post-teaser__top-meta d-flex flex-column anwp-pg-post-teaser__category-column mr-auto\">\n\t\t\t\t<div class=\"anwp-pg-category__wrapper-filled px-2 d-flex align-items-center anwp-pg-post-teaser__category-wrapper align-self-start anwp-pg-category-parent-0\" style=\"background-color: #1565C0\"><span>Destaque<\/span><\/div><div class=\"anwp-pg-category__wrapper-filled px-2 d-flex align-items-center anwp-pg-post-teaser__category-wrapper align-self-start anwp-pg-category-parent-0\" style=\"background-color: #1565C0\"><span>Em Foco<\/span><\/div>\t\t\t<\/div>\n\t\t\t\n\t\t\n\t\t\t\t\t<img loading=\"lazy\" class=\"anwp-pg-post-teaser__thumbnail-img d-block anwp-pg-height-180 anwp-object-cover m-0 w-100\"\n\t\t\t\talt=\"BENS DIVERSOS CHEGAM A BENGUELA: APA ESTENDE O BRA\u00c7O SOLID\u00c1RIO AS V\u00cdTIMAS DAS CHEIAS\"\n\t\t\t\tsrc=\"https:\/\/jornalfax.net\/wp-content\/uploads\/2026\/04\/df50371b-546d-46a6-8466-7d843d0de15c.jpg\"\/>\n\t\t\n\t\t<div class=\"anwp-pg-post-teaser__thumbnail-bg anwp-position-cover\"><\/div>\n\n\t\t<a class=\"anwp-position-cover anwp-link-without-effects\" href=\"https:\/\/jornalfax.net\/index.php\/2026\/04\/23\/bens-diversos-chegam-a-benguela-apa-estende-o-braco-solidario-as-vitimas-das-cheias\/\" aria-hidden=\"true\" ><\/a>\n\t<\/div>\n\n\t<div class=\"anwp-pg-post-teaser__content flex-grow-1 pt-1 d-flex flex-column\">\n\n\t\t<div class=\"anwp-pg-post-teaser__title anwp-font-heading mt-2\">\n\t\t\t<a class=\"anwp-link-without-effects\" href=\"https:\/\/jornalfax.net\/index.php\/2026\/04\/23\/bens-diversos-chegam-a-benguela-apa-estende-o-braco-solidario-as-vitimas-das-cheias\/\" aria-hidden=\"true\" >\n\t\t\t\tBENS DIVERSOS CHEGAM A BENGUELA: APA ESTENDE O BRA\u00c7O SOLID\u00c1RIO AS V\u00cdTIMAS DAS CHEIAS\t\t\t<\/a>\n\t\t<\/div>\n\n\t\t<div class=\"anwp-pg-post-teaser__bottom-meta d-flex flex-wrap\">\n\n\t\t\t\t\t\t\t<div class=\"anwp-pg-post-teaser__bottom-meta-item d-flex align-items-center mr-3\">\n\t\t\t\t\t<svg class=\"anwp-pg-icon anwp-pg-icon--s16 mr-1\">\n\t\t\t\t\t\t<use xlink:href=\"#icon-anwp-pg-calendar\"><\/use>\n\t\t\t\t\t<\/svg>\n\t\t\t\t\t<span class=\"posted-on m-0\"><span class=\"screen-reader-text\">Posted on<\/span><time class=\"anwp-pg-published\" datetime=\"2026-04-23T20:24:51-03:00\">23 de abril de 2026<\/time><time class=\"anwp-pg-updated\" datetime=\"2026-04-23T20:40:05-03:00\">23 de abril de 2026<\/time><\/span>\n\t\t\t\t<\/div>\n\t\t\t\t\n\t\t\t\t\t<\/div>\n\n\t\t\t\t\t<div class=\"anwp-pg-post-teaser__excerpt mb-2\">\n\t\t\t\tA Associa\u00e7\u00e3o dos Professores Angolanos (APA) juntou-se \u00e0 campanha &#8220;Abra\u00e7o Solid\u00e1rio Benguela&#8221;, com a entrega de bens diversos, nesta quinta-feira, 23, na TPA, um dos pontos de recolha de doa\u00e7\u00f5es ...\t\t\t<\/div>\n\t\t\n\t\t\n\t<\/div>\n\n<\/div>\n<div class=\"anwp-pg-post-teaser anwp-pg-post-teaser--inner-cover-link anwp-pg-post-teaser--layout-d d-flex flex-column anwp-col-lg-4 anwp-col-sm-6 anwp-col-12\">\n\t<div class=\"anwp-pg-post-teaser__thumbnail position-relative\">\n\n\t\t\t\t\t<div class=\"anwp-pg-post-teaser__top-meta d-flex flex-column anwp-pg-post-teaser__category-column mr-auto\">\n\t\t\t\t<div class=\"anwp-pg-category__wrapper-filled px-2 d-flex align-items-center anwp-pg-post-teaser__category-wrapper align-self-start anwp-pg-category-parent-0\" style=\"background-color: #1565C0\"><span>Destaque<\/span><\/div><div class=\"anwp-pg-category__wrapper-filled px-2 d-flex align-items-center anwp-pg-post-teaser__category-wrapper align-self-start anwp-pg-category-parent-0\" style=\"background-color: #1565C0\"><span>Em Foco<\/span><\/div>\t\t\t<\/div>\n\t\t\t\n\t\t\n\t\t\t\t\t<img loading=\"lazy\" class=\"anwp-pg-post-teaser__thumbnail-img d-block anwp-pg-height-180 anwp-object-cover m-0 w-100\"\n\t\t\t\talt=\"CREDIBILIDADE DO ESTADO DEPENDE DO RESPEITO PELAS DECIS\u00d5ES DOS TRIBUNAIS &#8211; DIZ PROCURADOR PEDRO MENDES DE CARVALHO\"\n\t\t\t\tsrc=\"https:\/\/jornalfax.net\/wp-content\/uploads\/2026\/04\/aec15c8606adcc011c5b044bcf100c78_L.jpg\"\/>\n\t\t\n\t\t<div class=\"anwp-pg-post-teaser__thumbnail-bg anwp-position-cover\"><\/div>\n\n\t\t<a class=\"anwp-position-cover anwp-link-without-effects\" href=\"https:\/\/jornalfax.net\/index.php\/2026\/04\/23\/credibilidade-do-estado-depende-do-respeito-pelas-decisoes-dos-tribunais-diz-procurador-pedro-mendes-de-carvalho\/\" aria-hidden=\"true\" ><\/a>\n\t<\/div>\n\n\t<div class=\"anwp-pg-post-teaser__content flex-grow-1 pt-1 d-flex flex-column\">\n\n\t\t<div class=\"anwp-pg-post-teaser__title anwp-font-heading mt-2\">\n\t\t\t<a class=\"anwp-link-without-effects\" href=\"https:\/\/jornalfax.net\/index.php\/2026\/04\/23\/credibilidade-do-estado-depende-do-respeito-pelas-decisoes-dos-tribunais-diz-procurador-pedro-mendes-de-carvalho\/\" aria-hidden=\"true\" >\n\t\t\t\tCREDIBILIDADE DO ESTADO DEPENDE DO RESPEITO PELAS DECIS\u00d5ES DOS TRIBUNAIS &#8211; DIZ PROCURADOR PEDRO MENDES DE CARVALHO\t\t\t<\/a>\n\t\t<\/div>\n\n\t\t<div class=\"anwp-pg-post-teaser__bottom-meta d-flex flex-wrap\">\n\n\t\t\t\t\t\t\t<div class=\"anwp-pg-post-teaser__bottom-meta-item d-flex align-items-center mr-3\">\n\t\t\t\t\t<svg class=\"anwp-pg-icon anwp-pg-icon--s16 mr-1\">\n\t\t\t\t\t\t<use xlink:href=\"#icon-anwp-pg-calendar\"><\/use>\n\t\t\t\t\t<\/svg>\n\t\t\t\t\t<span class=\"posted-on m-0\"><span class=\"screen-reader-text\">Posted on<\/span><time class=\"anwp-pg-published\" datetime=\"2026-04-23T14:20:07-03:00\">23 de abril de 2026<\/time><time class=\"anwp-pg-updated\" datetime=\"2026-04-23T14:20:09-03:00\">23 de abril de 2026<\/time><\/span>\n\t\t\t\t<\/div>\n\t\t\t\t\n\t\t\t\t\t<\/div>\n\n\t\t\t\t\t<div class=\"anwp-pg-post-teaser__excerpt mb-2\">\n\t\t\t\tO procurador-geral da Rep\u00fablica,&nbsp;Pedro Mendes de Carvalho, afirmou, em Luanda, que a credibilidade do Estado angolano depende directamente do respeito pelas decis\u00f5es dos tribunais, sublinhando que o cumprimento efectivo da ...\t\t\t<\/div>\n\t\t\n\t\t\n\t<\/div>\n\n<\/div>\n<div class=\"anwp-pg-post-teaser anwp-pg-post-teaser--inner-cover-link anwp-pg-post-teaser--layout-d d-flex flex-column anwp-col-lg-4 anwp-col-sm-6 anwp-col-12\">\n\t<div class=\"anwp-pg-post-teaser__thumbnail position-relative\">\n\n\t\t\t\t\t<div class=\"anwp-pg-post-teaser__top-meta d-flex flex-column anwp-pg-post-teaser__category-column mr-auto\">\n\t\t\t\t<div class=\"anwp-pg-category__wrapper-filled px-2 d-flex align-items-center anwp-pg-post-teaser__category-wrapper align-self-start anwp-pg-category-parent-0\" style=\"background-color: #1565C0\"><span>Destaque<\/span><\/div><div class=\"anwp-pg-category__wrapper-filled px-2 d-flex align-items-center anwp-pg-post-teaser__category-wrapper align-self-start anwp-pg-category-parent-0\" style=\"background-color: #1565C0\"><span>Em Foco<\/span><\/div>\t\t\t<\/div>\n\t\t\t\n\t\t\n\t\t\t\t\t<img loading=\"lazy\" class=\"anwp-pg-post-teaser__thumbnail-img d-block anwp-pg-height-180 anwp-object-cover m-0 w-100\"\n\t\t\t\talt=\"EM ANGOLA: OPOSI\u00c7\u00c3O DENUNCIA \u201cCANCRO\u201d NA AGT E ALERTA PARA COLAPSO DA GEST\u00c3O P\u00daBLICA\"\n\t\t\t\tsrc=\"https:\/\/jornalfax.net\/wp-content\/uploads\/2026\/04\/6269602_imagem.jpeg\"\/>\n\t\t\n\t\t<div class=\"anwp-pg-post-teaser__thumbnail-bg anwp-position-cover\"><\/div>\n\n\t\t<a class=\"anwp-position-cover anwp-link-without-effects\" href=\"https:\/\/jornalfax.net\/index.php\/2026\/04\/20\/em-angola-oposicao-denuncia-cancro-na-agt-e-alerta-para-colapso-da-gestao-publica\/\" aria-hidden=\"true\" ><\/a>\n\t<\/div>\n\n\t<div class=\"anwp-pg-post-teaser__content flex-grow-1 pt-1 d-flex flex-column\">\n\n\t\t<div class=\"anwp-pg-post-teaser__title anwp-font-heading mt-2\">\n\t\t\t<a class=\"anwp-link-without-effects\" href=\"https:\/\/jornalfax.net\/index.php\/2026\/04\/20\/em-angola-oposicao-denuncia-cancro-na-agt-e-alerta-para-colapso-da-gestao-publica\/\" aria-hidden=\"true\" >\n\t\t\t\tEM ANGOLA: OPOSI\u00c7\u00c3O DENUNCIA \u201cCANCRO\u201d NA AGT E ALERTA PARA COLAPSO DA GEST\u00c3O P\u00daBLICA\t\t\t<\/a>\n\t\t<\/div>\n\n\t\t<div class=\"anwp-pg-post-teaser__bottom-meta d-flex flex-wrap\">\n\n\t\t\t\t\t\t\t<div class=\"anwp-pg-post-teaser__bottom-meta-item d-flex align-items-center mr-3\">\n\t\t\t\t\t<svg class=\"anwp-pg-icon anwp-pg-icon--s16 mr-1\">\n\t\t\t\t\t\t<use xlink:href=\"#icon-anwp-pg-calendar\"><\/use>\n\t\t\t\t\t<\/svg>\n\t\t\t\t\t<span class=\"posted-on m-0\"><span class=\"screen-reader-text\">Posted on<\/span><time class=\"anwp-pg-published\" datetime=\"2026-04-20T13:28:36-03:00\">20 de abril de 2026<\/time><time class=\"anwp-pg-updated\" datetime=\"2026-04-20T13:30:48-03:00\">20 de abril de 2026<\/time><\/span>\n\t\t\t\t<\/div>\n\t\t\t\t\n\t\t\t\t\t<\/div>\n\n\t\t\t\t\t<div class=\"anwp-pg-post-teaser__excerpt mb-2\">\n\t\t\t\t\u00a0 A UNITA, o PRS e a FNLA classificam como \u201cum cancro\u201d osrecentes esc\u00e2ndalos de desfalque na Administra\u00e7\u00e3o Geral Tribut\u00e1ria (AGT), queenvolvem desvios de elevados montantes financeiros e exp\u00f5em fragilidadessignificativas ...\t\t\t<\/div>\n\t\t\n\t\t\n\t<\/div>\n\n<\/div>\n<div class=\"anwp-pg-post-teaser anwp-pg-post-teaser--inner-cover-link anwp-pg-post-teaser--layout-d d-flex flex-column anwp-col-lg-4 anwp-col-sm-6 anwp-col-12\">\n\t<div class=\"anwp-pg-post-teaser__thumbnail position-relative\">\n\n\t\t\t\t\t<div class=\"anwp-pg-post-teaser__top-meta d-flex flex-column anwp-pg-post-teaser__category-column mr-auto\">\n\t\t\t\t<div class=\"anwp-pg-category__wrapper-filled px-2 d-flex align-items-center anwp-pg-post-teaser__category-wrapper align-self-start anwp-pg-category-parent-0\" style=\"background-color: #1565C0\"><span>Destaque<\/span><\/div><div class=\"anwp-pg-category__wrapper-filled px-2 d-flex align-items-center anwp-pg-post-teaser__category-wrapper align-self-start anwp-pg-category-parent-0\" style=\"background-color: #1565C0\"><span>Em Foco<\/span><\/div>\t\t\t<\/div>\n\t\t\t\n\t\t\n\t\t\t\t\t<img loading=\"lazy\" class=\"anwp-pg-post-teaser__thumbnail-img d-block anwp-pg-height-180 anwp-object-cover m-0 w-100\"\n\t\t\t\talt=\"JU\u00cdZES DESCONTENTES COM RIGOR NA GEST\u00c3O DO TRIBUNAL SUPREMO \u201cABREM GUERRA\u201d CONTRA NOVO PRESIDENTE\"\n\t\t\t\tsrc=\"https:\/\/jornalfax.net\/wp-content\/uploads\/2026\/04\/20260418172213_-819124756_1031807261658064346_640_355_85_webp.webp\"\/>\n\t\t\n\t\t<div class=\"anwp-pg-post-teaser__thumbnail-bg anwp-position-cover\"><\/div>\n\n\t\t<a class=\"anwp-position-cover anwp-link-without-effects\" href=\"https:\/\/jornalfax.net\/index.php\/2026\/04\/20\/juizes-descontentes-com-rigor-na-gestao-do-tribunal-supremo-abrem-guerra-contra-novo-presidente\/\" aria-hidden=\"true\" ><\/a>\n\t<\/div>\n\n\t<div class=\"anwp-pg-post-teaser__content flex-grow-1 pt-1 d-flex flex-column\">\n\n\t\t<div class=\"anwp-pg-post-teaser__title anwp-font-heading mt-2\">\n\t\t\t<a class=\"anwp-link-without-effects\" href=\"https:\/\/jornalfax.net\/index.php\/2026\/04\/20\/juizes-descontentes-com-rigor-na-gestao-do-tribunal-supremo-abrem-guerra-contra-novo-presidente\/\" aria-hidden=\"true\" >\n\t\t\t\tJU\u00cdZES DESCONTENTES COM RIGOR NA GEST\u00c3O DO TRIBUNAL SUPREMO \u201cABREM GUERRA\u201d CONTRA NOVO PRESIDENTE\t\t\t<\/a>\n\t\t<\/div>\n\n\t\t<div class=\"anwp-pg-post-teaser__bottom-meta d-flex flex-wrap\">\n\n\t\t\t\t\t\t\t<div class=\"anwp-pg-post-teaser__bottom-meta-item d-flex align-items-center mr-3\">\n\t\t\t\t\t<svg class=\"anwp-pg-icon anwp-pg-icon--s16 mr-1\">\n\t\t\t\t\t\t<use xlink:href=\"#icon-anwp-pg-calendar\"><\/use>\n\t\t\t\t\t<\/svg>\n\t\t\t\t\t<span class=\"posted-on m-0\"><span class=\"screen-reader-text\">Posted on<\/span><time class=\"anwp-pg-published\" datetime=\"2026-04-20T13:15:06-03:00\">20 de abril de 2026<\/time><time class=\"anwp-pg-updated\" datetime=\"2026-04-20T13:15:07-03:00\">20 de abril de 2026<\/time><\/span>\n\t\t\t\t<\/div>\n\t\t\t\t\n\t\t\t\t\t<\/div>\n\n\t\t\t\t\t<div class=\"anwp-pg-post-teaser__excerpt mb-2\">\n\t\t\t\tO Juiz presidente do Tribunal Supremo e Presidente do Conselho Superior da Magistratura Judicial, Norberto Sodr\u00e9, est\u00e1 sob forte press\u00e3o de um grupo interno que, supostamente, tem liga\u00e7\u00f5es fortes com ...\t\t\t<\/div>\n\t\t\n\t\t\n\t<\/div>\n\n<\/div>\n\t<\/div>\n\t\n\t<\/div>\n\t\t\t\t<\/div>\n\t\t\t\t<\/div>\n\t\t\t\t\t<\/div>\n\t\t\t\t<\/div>\n\t\t<div class=\"elementor-element elementor-element-a911641 e-flex e-con-boxed e-con e-parent\" data-id=\"a911641\" data-element_type=\"container\">\n\t\t\t\t\t<div class=\"e-con-inner\">\n\t\t\t\t<div class=\"elementor-element elementor-element-eb6a096 elementor-widget elementor-widget-image\" data-id=\"eb6a096\" data-element_type=\"widget\" data-widget_type=\"image.default\">\n\t\t\t\t<div class=\"elementor-widget-container\">\n\t\t\t\t\t\t\t\t\t\t\t\t\t\t\t<img decoding=\"async\" width=\"640\" height=\"165\" src=\"https:\/\/jornalfax.net\/wp-content\/uploads\/2024\/02\/banner-anuncie-770x198-1.png\" class=\"attachment-large size-large wp-image-1738\" alt=\"\" srcset=\"https:\/\/jornalfax.net\/wp-content\/uploads\/2024\/02\/banner-anuncie-770x198-1.png 770w, https:\/\/jornalfax.net\/wp-content\/uploads\/2024\/02\/banner-anuncie-770x198-1-300x77.png 300w, https:\/\/jornalfax.net\/wp-content\/uploads\/2024\/02\/banner-anuncie-770x198-1-768x197.png 768w\" sizes=\"(max-width: 640px) 100vw, 640px\" \/>\t\t\t\t\t\t\t\t\t\t\t\t\t\t\t<\/div>\n\t\t\t\t<\/div>\n\t\t\t\t\t<\/div>\n\t\t\t\t<\/div>\n\t\t<div class=\"elementor-element elementor-element-d60dd0b e-flex e-con-boxed e-con e-parent\" data-id=\"d60dd0b\" data-element_type=\"container\">\n\t\t\t\t\t<div class=\"e-con-inner\">\n\t\t\t\t\t<\/div>\n\t\t\t\t<\/div>\n\t\t<div class=\"elementor-element elementor-element-ed750a1 e-flex e-con-boxed e-con e-parent\" data-id=\"ed750a1\" data-element_type=\"container\">\n\t\t\t\t\t<div class=\"e-con-inner\">\n\t\t<div class=\"elementor-element elementor-element-17a100c e-con-full e-flex e-con e-child\" data-id=\"17a100c\" data-element_type=\"container\">\n\t\t\t\t<div class=\"elementor-element elementor-element-26df144 anwp-pg-widget-header-style--g anwp-pg-post-teaser__post-icon--size-16 elementor-widget elementor-widget-anwp-pg-classic-grid\" data-id=\"26df144\" data-element_type=\"widget\" data-widget_type=\"anwp-pg-classic-grid.default\">\n\t\t\t\t<div class=\"elementor-widget-container\">\n\t\t\t\t\t<div class=\"anwp-pg-wrap\">\n\n\t<div class=\"anwp-pg-widget-header d-flex align-items-center position-relative\">\n\t<h3 class=\"d-flex align-items-center flex-wrap anwp-pg-widget-header__title\"> Sociedade<\/h3>\t<div class=\"anwp-pg-widget-header__secondary-line\"><\/div>\n<\/div>\n\n\t<div class=\"d-flex anwp-row flex-wrap anwp-pg-classic-grid anwp-pg-posts-wrapper\">\n\t\t<div class=\"anwp-pg-post-teaser anwp-pg-post-teaser--inner-cover-link anwp-pg-post-teaser--layout-d d-flex flex-column anwp-col-lg-6 anwp-col-sm-6 anwp-col-12\">\n\t<div class=\"anwp-pg-post-teaser__thumbnail position-relative\">\n\n\t\t\t\t\t<div class=\"anwp-pg-post-teaser__top-meta d-flex flex-column anwp-pg-post-teaser__category-column mr-auto\">\n\t\t\t\t<div class=\"anwp-pg-category__wrapper-filled px-2 d-flex align-items-center anwp-pg-post-teaser__category-wrapper align-self-start anwp-pg-category-parent-0\" style=\"background-color: #1565C0\"><span>Destaque<\/span><\/div><div class=\"anwp-pg-category__wrapper-filled px-2 d-flex align-items-center anwp-pg-post-teaser__category-wrapper align-self-start anwp-pg-category-parent-0\" style=\"background-color: #1565C0\"><span>Sociedade<\/span><\/div>\t\t\t<\/div>\n\t\t\t\n\t\t\n\t\t\t\t\t<img loading=\"lazy\" class=\"anwp-pg-post-teaser__thumbnail-img d-block anwp-pg-height-180 anwp-object-cover m-0 w-100\"\n\t\t\t\talt=\"ESC\u00c2NDALO NACIONAL: MINIST\u00c9RIO DA EDUCA\u00c7\u00c3O E GABINETE PROVINCIAL DE LUANDA ACUSADOS DE PROTEGER MAIS DE 2.600 ESCOLAS ILEGAIS\"\n\t\t\t\tsrc=\"https:\/\/jornalfax.net\/wp-content\/uploads\/2026\/04\/f40519da-9f66-422c-966f-87dc5f78970e.jpg\"\/>\n\t\t\n\t\t<div class=\"anwp-pg-post-teaser__thumbnail-bg anwp-position-cover\"><\/div>\n\n\t\t<a class=\"anwp-position-cover anwp-link-without-effects\" href=\"https:\/\/jornalfax.net\/index.php\/2026\/04\/24\/escandalo-nacional-ministerio-da-educacao-e-gabinete-provincial-de-luanda-acusados-de-proteger-mais-de-2-600-escolas-ilegais\/\" aria-hidden=\"true\" ><\/a>\n\t<\/div>\n\n\t<div class=\"anwp-pg-post-teaser__content flex-grow-1 pt-1 d-flex flex-column\">\n\n\t\t<div class=\"anwp-pg-post-teaser__title anwp-font-heading mt-2\">\n\t\t\t<a class=\"anwp-link-without-effects\" href=\"https:\/\/jornalfax.net\/index.php\/2026\/04\/24\/escandalo-nacional-ministerio-da-educacao-e-gabinete-provincial-de-luanda-acusados-de-proteger-mais-de-2-600-escolas-ilegais\/\" aria-hidden=\"true\" >\n\t\t\t\tESC\u00c2NDALO NACIONAL: MINIST\u00c9RIO DA EDUCA\u00c7\u00c3O E GABINETE PROVINCIAL DE LUANDA ACUSADOS DE PROTEGER MAIS DE 2.600 ESCOLAS ILEGAIS\t\t\t<\/a>\n\t\t<\/div>\n\n\t\t<div class=\"anwp-pg-post-teaser__bottom-meta d-flex flex-wrap\">\n\n\t\t\t\t\t\t\t<div class=\"anwp-pg-post-teaser__bottom-meta-item d-flex align-items-center mr-3\">\n\t\t\t\t\t<svg class=\"anwp-pg-icon anwp-pg-icon--s16 mr-1\">\n\t\t\t\t\t\t<use xlink:href=\"#icon-anwp-pg-calendar\"><\/use>\n\t\t\t\t\t<\/svg>\n\t\t\t\t\t<span class=\"posted-on m-0\"><span class=\"screen-reader-text\">Posted on<\/span><time class=\"anwp-pg-published\" datetime=\"2026-04-24T14:16:32-03:00\">24 de abril de 2026<\/time><time class=\"anwp-pg-updated\" datetime=\"2026-04-24T14:16:34-03:00\">24 de abril de 2026<\/time><\/span>\n\t\t\t\t<\/div>\n\t\t\t\t\n\t\t\t\t\t<\/div>\n\n\t\t\t\t\t<div class=\"anwp-pg-post-teaser__excerpt mb-2\">\n\t\t\t\tUm documento remetido \u00e0 redac\u00e7\u00e3o do jornal Hora H denuncia a exist\u00eancia de mais de 2.600 escolas privadas a funcionar de forma ilegal na prov\u00edncia de Luanda, alegadamente sob o ...\t\t\t<\/div>\n\t\t\n\t\t\n\t<\/div>\n\n<\/div>\n<div class=\"anwp-pg-post-teaser anwp-pg-post-teaser--inner-cover-link anwp-pg-post-teaser--layout-d d-flex flex-column anwp-col-lg-6 anwp-col-sm-6 anwp-col-12\">\n\t<div class=\"anwp-pg-post-teaser__thumbnail position-relative\">\n\n\t\t\t\t\t<div class=\"anwp-pg-post-teaser__top-meta d-flex flex-column anwp-pg-post-teaser__category-column mr-auto\">\n\t\t\t\t<div class=\"anwp-pg-category__wrapper-filled px-2 d-flex align-items-center anwp-pg-post-teaser__category-wrapper align-self-start anwp-pg-category-parent-0\" style=\"background-color: #1565C0\"><span>Destaque<\/span><\/div><div class=\"anwp-pg-category__wrapper-filled px-2 d-flex align-items-center anwp-pg-post-teaser__category-wrapper align-self-start anwp-pg-category-parent-0\" style=\"background-color: #1565C0\"><span>Sociedade<\/span><\/div>\t\t\t<\/div>\n\t\t\t\n\t\t\n\t\t\t\t\t<img loading=\"lazy\" class=\"anwp-pg-post-teaser__thumbnail-img d-block anwp-pg-height-180 anwp-object-cover m-0 w-100\"\n\t\t\t\talt=\"ANGOLA ENTRE OS MAIORES INVESTIDORES AFRICANOS EM INFRA-ESTRUTURAS ENERG\u00c9TICAS\"\n\t\t\t\tsrc=\"https:\/\/jornalfax.net\/wp-content\/uploads\/2026\/04\/6275487_imagem-1024x586.jpeg\"\/>\n\t\t\n\t\t<div class=\"anwp-pg-post-teaser__thumbnail-bg anwp-position-cover\"><\/div>\n\n\t\t<a class=\"anwp-position-cover anwp-link-without-effects\" href=\"https:\/\/jornalfax.net\/index.php\/2026\/04\/23\/angola-entre-os-maiores-investidores-africanos-em-infra-estruturas-energeticas\/\" aria-hidden=\"true\" ><\/a>\n\t<\/div>\n\n\t<div class=\"anwp-pg-post-teaser__content flex-grow-1 pt-1 d-flex flex-column\">\n\n\t\t<div class=\"anwp-pg-post-teaser__title anwp-font-heading mt-2\">\n\t\t\t<a class=\"anwp-link-without-effects\" href=\"https:\/\/jornalfax.net\/index.php\/2026\/04\/23\/angola-entre-os-maiores-investidores-africanos-em-infra-estruturas-energeticas\/\" aria-hidden=\"true\" >\n\t\t\t\tANGOLA ENTRE OS MAIORES INVESTIDORES AFRICANOS EM INFRA-ESTRUTURAS ENERG\u00c9TICAS\t\t\t<\/a>\n\t\t<\/div>\n\n\t\t<div class=\"anwp-pg-post-teaser__bottom-meta d-flex flex-wrap\">\n\n\t\t\t\t\t\t\t<div class=\"anwp-pg-post-teaser__bottom-meta-item d-flex align-items-center mr-3\">\n\t\t\t\t\t<svg class=\"anwp-pg-icon anwp-pg-icon--s16 mr-1\">\n\t\t\t\t\t\t<use xlink:href=\"#icon-anwp-pg-calendar\"><\/use>\n\t\t\t\t\t<\/svg>\n\t\t\t\t\t<span class=\"posted-on m-0\"><span class=\"screen-reader-text\">Posted on<\/span><time class=\"anwp-pg-published\" datetime=\"2026-04-23T14:24:41-03:00\">23 de abril de 2026<\/time><time class=\"anwp-pg-updated\" datetime=\"2026-04-23T14:24:41-03:00\">23 de abril de 2026<\/time><\/span>\n\t\t\t\t<\/div>\n\t\t\t\t\n\t\t\t\t\t<\/div>\n\n\t\t\t\t\t<div class=\"anwp-pg-post-teaser__excerpt mb-2\">\n\t\t\t\tAngola \u00e9 parte das dez principais economias africanas e que, actualmente, t\u00eam um elevado investimento em infra-estruturas energ\u00e9ticas, numa aposta que combina fontes h\u00eddricas e renov\u00e1veis no processo de gera\u00e7\u00e3o ...\t\t\t<\/div>\n\t\t\n\t\t\n\t<\/div>\n\n<\/div>\n<div class=\"anwp-pg-post-teaser anwp-pg-post-teaser--inner-cover-link anwp-pg-post-teaser--layout-d d-flex flex-column anwp-col-lg-6 anwp-col-sm-6 anwp-col-12\">\n\t<div class=\"anwp-pg-post-teaser__thumbnail position-relative\">\n\n\t\t\t\t\t<div class=\"anwp-pg-post-teaser__top-meta d-flex flex-column anwp-pg-post-teaser__category-column mr-auto\">\n\t\t\t\t<div class=\"anwp-pg-category__wrapper-filled px-2 d-flex align-items-center anwp-pg-post-teaser__category-wrapper align-self-start anwp-pg-category-parent-0\" style=\"background-color: #1565C0\"><span>Sociedade<\/span><\/div>\t\t\t<\/div>\n\t\t\t\n\t\t\n\t\t\t\t\t<img loading=\"lazy\" class=\"anwp-pg-post-teaser__thumbnail-img d-block anwp-pg-height-180 anwp-object-cover m-0 w-100\"\n\t\t\t\talt=\"PGR ANGOLANA ASSINALA SEMANA DA LEGALIDADE COM OLHAR NA PAZ\"\n\t\t\t\tsrc=\"https:\/\/jornalfax.net\/wp-content\/uploads\/2026\/04\/6275180_imagem.jpeg\"\/>\n\t\t\n\t\t<div class=\"anwp-pg-post-teaser__thumbnail-bg anwp-position-cover\"><\/div>\n\n\t\t<a class=\"anwp-position-cover anwp-link-without-effects\" href=\"https:\/\/jornalfax.net\/index.php\/2026\/04\/20\/pgr-angolana-assinala-semana-da-legalidade-com-olhar-na-paz\/\" aria-hidden=\"true\" ><\/a>\n\t<\/div>\n\n\t<div class=\"anwp-pg-post-teaser__content flex-grow-1 pt-1 d-flex flex-column\">\n\n\t\t<div class=\"anwp-pg-post-teaser__title anwp-font-heading mt-2\">\n\t\t\t<a class=\"anwp-link-without-effects\" href=\"https:\/\/jornalfax.net\/index.php\/2026\/04\/20\/pgr-angolana-assinala-semana-da-legalidade-com-olhar-na-paz\/\" aria-hidden=\"true\" >\n\t\t\t\tPGR ANGOLANA ASSINALA SEMANA DA LEGALIDADE COM OLHAR NA PAZ\t\t\t<\/a>\n\t\t<\/div>\n\n\t\t<div class=\"anwp-pg-post-teaser__bottom-meta d-flex flex-wrap\">\n\n\t\t\t\t\t\t\t<div class=\"anwp-pg-post-teaser__bottom-meta-item d-flex align-items-center mr-3\">\n\t\t\t\t\t<svg class=\"anwp-pg-icon anwp-pg-icon--s16 mr-1\">\n\t\t\t\t\t\t<use xlink:href=\"#icon-anwp-pg-calendar\"><\/use>\n\t\t\t\t\t<\/svg>\n\t\t\t\t\t<span class=\"posted-on m-0\"><span class=\"screen-reader-text\">Posted on<\/span><time class=\"anwp-pg-published\" datetime=\"2026-04-20T13:33:01-03:00\">20 de abril de 2026<\/time><time class=\"anwp-pg-updated\" datetime=\"2026-04-20T13:33:02-03:00\">20 de abril de 2026<\/time><\/span>\n\t\t\t\t<\/div>\n\t\t\t\t\n\t\t\t\t\t<\/div>\n\n\t\t\t\t\t<div class=\"anwp-pg-post-teaser__excerpt mb-2\">\n\t\t\t\tA Procuradoria-Geral da Rep\u00fablica (PGR) vai assinalar, de 22 a 29 deste m\u00eas, a semana da legalidade com um olhar na Paz e na Justi\u00e7a. A semana da legalidade, a ...\t\t\t<\/div>\n\t\t\n\t\t\n\t<\/div>\n\n<\/div>\n<div class=\"anwp-pg-post-teaser anwp-pg-post-teaser--inner-cover-link anwp-pg-post-teaser--layout-d d-flex flex-column anwp-col-lg-6 anwp-col-sm-6 anwp-col-12\">\n\t<div class=\"anwp-pg-post-teaser__thumbnail position-relative\">\n\n\t\t\t\t\t<div class=\"anwp-pg-post-teaser__top-meta d-flex flex-column anwp-pg-post-teaser__category-column mr-auto\">\n\t\t\t\t<div class=\"anwp-pg-category__wrapper-filled px-2 d-flex align-items-center anwp-pg-post-teaser__category-wrapper align-self-start anwp-pg-category-parent-0\" style=\"background-color: #1565C0\"><span>Destaque<\/span><\/div><div class=\"anwp-pg-category__wrapper-filled px-2 d-flex align-items-center anwp-pg-post-teaser__category-wrapper align-self-start anwp-pg-category-parent-0\" style=\"background-color: #1565C0\"><span>Sociedade<\/span><\/div>\t\t\t<\/div>\n\t\t\t\n\t\t\n\t\t\t\t\t<img loading=\"lazy\" class=\"anwp-pg-post-teaser__thumbnail-img d-block anwp-pg-height-180 anwp-object-cover m-0 w-100\"\n\t\t\t\talt=\"TRIBUNAL DA RELA\u00c7\u00c3O MANDA SOLTAR A MAIORIA DOS JOVENS CONDENADOS DEPOIS DO TUMULTO DE JULHO POR INSUFICI\u00caNCIA DE PROVAS\"\n\t\t\t\tsrc=\"https:\/\/jornalfax.net\/wp-content\/uploads\/2026\/04\/20260420105434_1032454704_3952430346849162114_640_395_85_webp.webp\"\/>\n\t\t\n\t\t<div class=\"anwp-pg-post-teaser__thumbnail-bg anwp-position-cover\"><\/div>\n\n\t\t<a class=\"anwp-position-cover anwp-link-without-effects\" href=\"https:\/\/jornalfax.net\/index.php\/2026\/04\/20\/tribunal-da-relacao-manda-soltar-a-maioria-dos-jovens-condenados-depois-do-tumulto-de-julho-por-insuficiencia-de-provas\/\" aria-hidden=\"true\" ><\/a>\n\t<\/div>\n\n\t<div class=\"anwp-pg-post-teaser__content flex-grow-1 pt-1 d-flex flex-column\">\n\n\t\t<div class=\"anwp-pg-post-teaser__title anwp-font-heading mt-2\">\n\t\t\t<a class=\"anwp-link-without-effects\" href=\"https:\/\/jornalfax.net\/index.php\/2026\/04\/20\/tribunal-da-relacao-manda-soltar-a-maioria-dos-jovens-condenados-depois-do-tumulto-de-julho-por-insuficiencia-de-provas\/\" aria-hidden=\"true\" >\n\t\t\t\tTRIBUNAL DA RELA\u00c7\u00c3O MANDA SOLTAR A MAIORIA DOS JOVENS CONDENADOS DEPOIS DO TUMULTO DE JULHO POR INSUFICI\u00caNCIA DE PROVAS\t\t\t<\/a>\n\t\t<\/div>\n\n\t\t<div class=\"anwp-pg-post-teaser__bottom-meta d-flex flex-wrap\">\n\n\t\t\t\t\t\t\t<div class=\"anwp-pg-post-teaser__bottom-meta-item d-flex align-items-center mr-3\">\n\t\t\t\t\t<svg class=\"anwp-pg-icon anwp-pg-icon--s16 mr-1\">\n\t\t\t\t\t\t<use xlink:href=\"#icon-anwp-pg-calendar\"><\/use>\n\t\t\t\t\t<\/svg>\n\t\t\t\t\t<span class=\"posted-on m-0\"><span class=\"screen-reader-text\">Posted on<\/span><time class=\"anwp-pg-published\" datetime=\"2026-04-20T13:12:32-03:00\">20 de abril de 2026<\/time><time class=\"anwp-pg-updated\" datetime=\"2026-04-20T13:12:33-03:00\">20 de abril de 2026<\/time><\/span>\n\t\t\t\t<\/div>\n\t\t\t\t\n\t\t\t\t\t<\/div>\n\n\t\t\t\t\t<div class=\"anwp-pg-post-teaser__excerpt mb-2\">\n\t\t\t\tO Tribunal da Rela\u00e7\u00e3o de Luanda (TRL) revogou as penas de pris\u00e3o aplicadas \u00e0 maior parte dos jovens condenados a penas de mais de 12 meses de pris\u00e3o efectiva, pelo ...\t\t\t<\/div>\n\t\t\n\t\t\n\t<\/div>\n\n<\/div>\n\t<\/div>\n\t\n\t<\/div>\n\t\t\t\t<\/div>\n\t\t\t\t<\/div>\n\t\t\t\t<\/div>\n\t\t<div class=\"elementor-element elementor-element-8cc59ce e-con-full e-flex e-con e-child\" data-id=\"8cc59ce\" data-element_type=\"container\">\n\t\t\t\t<div class=\"elementor-element elementor-element-2218671 anwp-pg-widget-header-style--g anwp-pg-post-teaser__post-icon--size-16 elementor-widget elementor-widget-anwp-pg-classic-grid\" data-id=\"2218671\" data-element_type=\"widget\" data-widget_type=\"anwp-pg-classic-grid.default\">\n\t\t\t\t<div class=\"elementor-widget-container\">\n\t\t\t\t\t<div class=\"anwp-pg-wrap\">\n\n\t<div class=\"anwp-pg-widget-header d-flex align-items-center position-relative\">\n\t<h3 class=\"d-flex align-items-center flex-wrap anwp-pg-widget-header__title\"> Politica<\/h3>\t<div class=\"anwp-pg-widget-header__secondary-line\"><\/div>\n<\/div>\n\n\t<div class=\"d-flex anwp-row flex-wrap anwp-pg-classic-grid anwp-pg-posts-wrapper\">\n\t\t<div class=\"anwp-pg-post-teaser anwp-pg-post-teaser--inner-cover-link anwp-pg-post-teaser--layout-d d-flex flex-column anwp-col-lg-6 anwp-col-sm-6 anwp-col-12\">\n\t<div class=\"anwp-pg-post-teaser__thumbnail position-relative\">\n\n\t\t\t\t\t<div class=\"anwp-pg-post-teaser__top-meta d-flex flex-column anwp-pg-post-teaser__category-column mr-auto\">\n\t\t\t\t<div class=\"anwp-pg-category__wrapper-filled px-2 d-flex align-items-center anwp-pg-post-teaser__category-wrapper align-self-start anwp-pg-category-parent-0\" style=\"background-color: #1565C0\"><span>Destaque<\/span><\/div><div class=\"anwp-pg-category__wrapper-filled px-2 d-flex align-items-center anwp-pg-post-teaser__category-wrapper align-self-start anwp-pg-category-parent-0\" style=\"background-color: #1565C0\"><span>Politica<\/span><\/div>\t\t\t<\/div>\n\t\t\t\n\t\t\n\t\t\t\t\t<img loading=\"lazy\" class=\"anwp-pg-post-teaser__thumbnail-img d-block anwp-pg-height-180 anwp-object-cover m-0 w-100\"\n\t\t\t\talt=\"HIGINO CARNEIRO REAFIRMA CANDIDATURA \u00c0 LIDERAN\u00c7A DO MPLA PARA SUBSTITUIR JO\u00c3O LOUREN\u00c7O\"\n\t\t\t\tsrc=\"https:\/\/jornalfax.net\/wp-content\/uploads\/2026\/02\/812cd5eb76d319d9d9bb389ef958e91e_XL.jpg\"\/>\n\t\t\n\t\t<div class=\"anwp-pg-post-teaser__thumbnail-bg anwp-position-cover\"><\/div>\n\n\t\t<a class=\"anwp-position-cover anwp-link-without-effects\" href=\"https:\/\/jornalfax.net\/index.php\/2026\/04\/23\/higino-carneiro-reafirma-candidatura-a-lideranca-do-mpla-para-substituir-joao-lourenco\/\" aria-hidden=\"true\" ><\/a>\n\t<\/div>\n\n\t<div class=\"anwp-pg-post-teaser__content flex-grow-1 pt-1 d-flex flex-column\">\n\n\t\t<div class=\"anwp-pg-post-teaser__title anwp-font-heading mt-2\">\n\t\t\t<a class=\"anwp-link-without-effects\" href=\"https:\/\/jornalfax.net\/index.php\/2026\/04\/23\/higino-carneiro-reafirma-candidatura-a-lideranca-do-mpla-para-substituir-joao-lourenco\/\" aria-hidden=\"true\" >\n\t\t\t\tHIGINO CARNEIRO REAFIRMA CANDIDATURA \u00c0 LIDERAN\u00c7A DO MPLA PARA SUBSTITUIR JO\u00c3O LOUREN\u00c7O\t\t\t<\/a>\n\t\t<\/div>\n\n\t\t<div class=\"anwp-pg-post-teaser__bottom-meta d-flex flex-wrap\">\n\n\t\t\t\t\t\t\t<div class=\"anwp-pg-post-teaser__bottom-meta-item d-flex align-items-center mr-3\">\n\t\t\t\t\t<svg class=\"anwp-pg-icon anwp-pg-icon--s16 mr-1\">\n\t\t\t\t\t\t<use xlink:href=\"#icon-anwp-pg-calendar\"><\/use>\n\t\t\t\t\t<\/svg>\n\t\t\t\t\t<span class=\"posted-on m-0\"><span class=\"screen-reader-text\">Posted on<\/span><time class=\"anwp-pg-published\" datetime=\"2026-04-23T14:16:08-03:00\">23 de abril de 2026<\/time><time class=\"anwp-pg-updated\" datetime=\"2026-04-23T14:16:09-03:00\">23 de abril de 2026<\/time><\/span>\n\t\t\t\t<\/div>\n\t\t\t\t\n\t\t\t\t\t<\/div>\n\n\t\t\t\t\t<div class=\"anwp-pg-post-teaser__excerpt mb-2\">\n\t\t\t\tO general na reforma Higino Carneiro reafirmou, esta quinta-feira, 23, a sua inten\u00e7\u00e3o de se candidatar \u00e0 presid\u00eancia do MPLA, no \u00e2mbito do pr\u00f3ximo congresso do partido. A declara\u00e7\u00e3o foi ...\t\t\t<\/div>\n\t\t\n\t\t\n\t<\/div>\n\n<\/div>\n<div class=\"anwp-pg-post-teaser anwp-pg-post-teaser--inner-cover-link anwp-pg-post-teaser--layout-d d-flex flex-column anwp-col-lg-6 anwp-col-sm-6 anwp-col-12\">\n\t<div class=\"anwp-pg-post-teaser__thumbnail position-relative\">\n\n\t\t\t\t\t<div class=\"anwp-pg-post-teaser__top-meta d-flex flex-column anwp-pg-post-teaser__category-column mr-auto\">\n\t\t\t\t<div class=\"anwp-pg-category__wrapper-filled px-2 d-flex align-items-center anwp-pg-post-teaser__category-wrapper align-self-start anwp-pg-category-parent-0\" style=\"background-color: #1565C0\"><span>Destaque<\/span><\/div><div class=\"anwp-pg-category__wrapper-filled px-2 d-flex align-items-center anwp-pg-post-teaser__category-wrapper align-self-start anwp-pg-category-parent-0\" style=\"background-color: #1565C0\"><span>Politica<\/span><\/div>\t\t\t<\/div>\n\t\t\t\n\t\t\n\t\t\t\t\t<img loading=\"lazy\" class=\"anwp-pg-post-teaser__thumbnail-img d-block anwp-pg-height-180 anwp-object-cover m-0 w-100\"\n\t\t\t\talt=\"\u00c9 EXAGERO QUE UM PARTIDO POL\u00cdTICO OU COLIGA\u00c7\u00c3O QUE N\u00c3O ALCANCE 0,5% DOS VOTOS OU QUE N\u00c3O PARTICIPEM DUAS VEZES CONSECUTIVA SEJAM EXTINTOS- DIZ UNITA\"\n\t\t\t\tsrc=\"https:\/\/jornalfax.net\/wp-content\/uploads\/2026\/04\/b9d52bce-c565-4ea7-bd9a-26e0724eed05.jpg\"\/>\n\t\t\n\t\t<div class=\"anwp-pg-post-teaser__thumbnail-bg anwp-position-cover\"><\/div>\n\n\t\t<a class=\"anwp-position-cover anwp-link-without-effects\" href=\"https:\/\/jornalfax.net\/index.php\/2026\/04\/16\/e-exagero-que-um-partido-politico-ou-coligacao-que-nao-alcance-05-dos-votos-ou-que-nao-participem-duas-vezes-consecutiva-sejam-extintos-diz-unita\/\" aria-hidden=\"true\" ><\/a>\n\t<\/div>\n\n\t<div class=\"anwp-pg-post-teaser__content flex-grow-1 pt-1 d-flex flex-column\">\n\n\t\t<div class=\"anwp-pg-post-teaser__title anwp-font-heading mt-2\">\n\t\t\t<a class=\"anwp-link-without-effects\" href=\"https:\/\/jornalfax.net\/index.php\/2026\/04\/16\/e-exagero-que-um-partido-politico-ou-coligacao-que-nao-alcance-05-dos-votos-ou-que-nao-participem-duas-vezes-consecutiva-sejam-extintos-diz-unita\/\" aria-hidden=\"true\" >\n\t\t\t\t\u00c9 EXAGERO QUE UM PARTIDO POL\u00cdTICO OU COLIGA\u00c7\u00c3O QUE N\u00c3O ALCANCE 0,5% DOS VOTOS OU QUE N\u00c3O PARTICIPEM DUAS VEZES CONSECUTIVA SEJAM EXTINTOS- DIZ UNITA\t\t\t<\/a>\n\t\t<\/div>\n\n\t\t<div class=\"anwp-pg-post-teaser__bottom-meta d-flex flex-wrap\">\n\n\t\t\t\t\t\t\t<div class=\"anwp-pg-post-teaser__bottom-meta-item d-flex align-items-center mr-3\">\n\t\t\t\t\t<svg class=\"anwp-pg-icon anwp-pg-icon--s16 mr-1\">\n\t\t\t\t\t\t<use xlink:href=\"#icon-anwp-pg-calendar\"><\/use>\n\t\t\t\t\t<\/svg>\n\t\t\t\t\t<span class=\"posted-on m-0\"><span class=\"screen-reader-text\">Posted on<\/span><time class=\"anwp-pg-published\" datetime=\"2026-04-16T16:07:05-03:00\">16 de abril de 2026<\/time><time class=\"anwp-pg-updated\" datetime=\"2026-04-16T16:07:06-03:00\">16 de abril de 2026<\/time><\/span>\n\t\t\t\t<\/div>\n\t\t\t\t\n\t\t\t\t\t<\/div>\n\n\t\t\t\t\t<div class=\"anwp-pg-post-teaser__excerpt mb-2\">\n\t\t\t\tA UNITA diz que \u00e9 excessivo que o partido pol\u00edtico ou coliga\u00e7\u00e3o de partidos pol\u00edticos que n\u00e3o alcance 0,5% dos votos numa elei\u00e7\u00e3o ou que n\u00e3o participe por duas vezes ...\t\t\t<\/div>\n\t\t\n\t\t\n\t<\/div>\n\n<\/div>\n<div class=\"anwp-pg-post-teaser anwp-pg-post-teaser--inner-cover-link anwp-pg-post-teaser--layout-d d-flex flex-column anwp-col-lg-6 anwp-col-sm-6 anwp-col-12\">\n\t<div class=\"anwp-pg-post-teaser__thumbnail position-relative\">\n\n\t\t\t\t\t<div class=\"anwp-pg-post-teaser__top-meta d-flex flex-column anwp-pg-post-teaser__category-column mr-auto\">\n\t\t\t\t<div class=\"anwp-pg-category__wrapper-filled px-2 d-flex align-items-center anwp-pg-post-teaser__category-wrapper align-self-start anwp-pg-category-parent-0\" style=\"background-color: #1565C0\"><span>Destaque<\/span><\/div><div class=\"anwp-pg-category__wrapper-filled px-2 d-flex align-items-center anwp-pg-post-teaser__category-wrapper align-self-start anwp-pg-category-parent-0\" style=\"background-color: #1565C0\"><span>Politica<\/span><\/div>\t\t\t<\/div>\n\t\t\t\n\t\t\n\t\t\t\t\t<img loading=\"lazy\" class=\"anwp-pg-post-teaser__thumbnail-img d-block anwp-pg-height-180 anwp-object-cover m-0 w-100\"\n\t\t\t\talt=\"UNITA APONTA GENERAL GERALDO SACHIPENGO NUNDA COMO UM \u201cTRAIDOR\u201d NA MORTE DE JONAS SAVIMBI\"\n\t\t\t\tsrc=\"https:\/\/jornalfax.net\/wp-content\/uploads\/2026\/04\/General-Geraldo-Sachipengo-Nunda-3.jpg\"\/>\n\t\t\n\t\t<div class=\"anwp-pg-post-teaser__thumbnail-bg anwp-position-cover\"><\/div>\n\n\t\t<a class=\"anwp-position-cover anwp-link-without-effects\" href=\"https:\/\/jornalfax.net\/index.php\/2026\/04\/16\/unita-aponta-general-geraldo-sachipengo-nunda-como-um-traidor-na-morte-de-jonas-savimbi\/\" aria-hidden=\"true\" ><\/a>\n\t<\/div>\n\n\t<div class=\"anwp-pg-post-teaser__content flex-grow-1 pt-1 d-flex flex-column\">\n\n\t\t<div class=\"anwp-pg-post-teaser__title anwp-font-heading mt-2\">\n\t\t\t<a class=\"anwp-link-without-effects\" href=\"https:\/\/jornalfax.net\/index.php\/2026\/04\/16\/unita-aponta-general-geraldo-sachipengo-nunda-como-um-traidor-na-morte-de-jonas-savimbi\/\" aria-hidden=\"true\" >\n\t\t\t\tUNITA APONTA GENERAL GERALDO SACHIPENGO NUNDA COMO UM \u201cTRAIDOR\u201d NA MORTE DE JONAS SAVIMBI\t\t\t<\/a>\n\t\t<\/div>\n\n\t\t<div class=\"anwp-pg-post-teaser__bottom-meta d-flex flex-wrap\">\n\n\t\t\t\t\t\t\t<div class=\"anwp-pg-post-teaser__bottom-meta-item d-flex align-items-center mr-3\">\n\t\t\t\t\t<svg class=\"anwp-pg-icon anwp-pg-icon--s16 mr-1\">\n\t\t\t\t\t\t<use xlink:href=\"#icon-anwp-pg-calendar\"><\/use>\n\t\t\t\t\t<\/svg>\n\t\t\t\t\t<span class=\"posted-on m-0\"><span class=\"screen-reader-text\">Posted on<\/span><time class=\"anwp-pg-published\" datetime=\"2026-04-16T05:36:58-03:00\">16 de abril de 2026<\/time><time class=\"anwp-pg-updated\" datetime=\"2026-04-16T05:36:59-03:00\">16 de abril de 2026<\/time><\/span>\n\t\t\t\t<\/div>\n\t\t\t\t\n\t\t\t\t\t<\/div>\n\n\t\t\t\t\t<div class=\"anwp-pg-post-teaser__excerpt mb-2\">\n\t\t\t\tA UNITA apontou o general Geraldo Sachipengo Nunda, como sendo um dos respons\u00e1veis pela morte do l\u00edder da UNITA, Jonas Savimbi, em 2002. &nbsp;REDAC\u00c7\u00c3O JORNAL FAX Na sua \u00faltima declara\u00e7\u00e3o ...\t\t\t<\/div>\n\t\t\n\t\t\n\t<\/div>\n\n<\/div>\n<div class=\"anwp-pg-post-teaser anwp-pg-post-teaser--inner-cover-link anwp-pg-post-teaser--layout-d d-flex flex-column anwp-col-lg-6 anwp-col-sm-6 anwp-col-12\">\n\t<div class=\"anwp-pg-post-teaser__thumbnail position-relative\">\n\n\t\t\t\t\t<div class=\"anwp-pg-post-teaser__top-meta d-flex flex-column anwp-pg-post-teaser__category-column mr-auto\">\n\t\t\t\t<div class=\"anwp-pg-category__wrapper-filled px-2 d-flex align-items-center anwp-pg-post-teaser__category-wrapper align-self-start anwp-pg-category-parent-0\" style=\"background-color: #1565C0\"><span>Destaque<\/span><\/div><div class=\"anwp-pg-category__wrapper-filled px-2 d-flex align-items-center anwp-pg-post-teaser__category-wrapper align-self-start anwp-pg-category-parent-0\" style=\"background-color: #1565C0\"><span>Politica<\/span><\/div>\t\t\t<\/div>\n\t\t\t\n\t\t\n\t\t\t\t\t<img loading=\"lazy\" class=\"anwp-pg-post-teaser__thumbnail-img d-block anwp-pg-height-180 anwp-object-cover m-0 w-100\"\n\t\t\t\talt=\"DOM GABRIEL MBILINGI DENUNCIA SISTEMA QUE IMPEDE MUDAN\u00c7A EM ANGOLA E LAN\u00c7A ALERTA SOBRE UMA BUROCRACIA EST\u00c9RIL NO PA\u00cdS\"\n\t\t\t\tsrc=\"https:\/\/jornalfax.net\/wp-content\/uploads\/2026\/04\/a4ec40d4-2208-48bb-a101-481f07edd4cb.jpg\"\/>\n\t\t\n\t\t<div class=\"anwp-pg-post-teaser__thumbnail-bg anwp-position-cover\"><\/div>\n\n\t\t<a class=\"anwp-position-cover anwp-link-without-effects\" href=\"https:\/\/jornalfax.net\/index.php\/2026\/04\/09\/dom-gabriel-mbilingi-denuncia-sistema-que-impede-mudanca-em-angola-e-lanca-alerta-sobre-uma-burocracia-esteril-no-pais\/\" aria-hidden=\"true\" ><\/a>\n\t<\/div>\n\n\t<div class=\"anwp-pg-post-teaser__content flex-grow-1 pt-1 d-flex flex-column\">\n\n\t\t<div class=\"anwp-pg-post-teaser__title anwp-font-heading mt-2\">\n\t\t\t<a class=\"anwp-link-without-effects\" href=\"https:\/\/jornalfax.net\/index.php\/2026\/04\/09\/dom-gabriel-mbilingi-denuncia-sistema-que-impede-mudanca-em-angola-e-lanca-alerta-sobre-uma-burocracia-esteril-no-pais\/\" aria-hidden=\"true\" >\n\t\t\t\tDOM GABRIEL MBILINGI DENUNCIA SISTEMA QUE IMPEDE MUDAN\u00c7A EM ANGOLA E LAN\u00c7A ALERTA SOBRE UMA BUROCRACIA EST\u00c9RIL NO PA\u00cdS\t\t\t<\/a>\n\t\t<\/div>\n\n\t\t<div class=\"anwp-pg-post-teaser__bottom-meta d-flex flex-wrap\">\n\n\t\t\t\t\t\t\t<div class=\"anwp-pg-post-teaser__bottom-meta-item d-flex align-items-center mr-3\">\n\t\t\t\t\t<svg class=\"anwp-pg-icon anwp-pg-icon--s16 mr-1\">\n\t\t\t\t\t\t<use xlink:href=\"#icon-anwp-pg-calendar\"><\/use>\n\t\t\t\t\t<\/svg>\n\t\t\t\t\t<span class=\"posted-on m-0\"><span class=\"screen-reader-text\">Posted on<\/span><time class=\"anwp-pg-published\" datetime=\"2026-04-09T10:40:47-03:00\">9 de abril de 2026<\/time><time class=\"anwp-pg-updated\" datetime=\"2026-04-09T10:40:48-03:00\">9 de abril de 2026<\/time><\/span>\n\t\t\t\t<\/div>\n\t\t\t\t\n\t\t\t\t\t<\/div>\n\n\t\t\t\t\t<div class=\"anwp-pg-post-teaser__excerpt mb-2\">\n\t\t\t\tDom Mbilingi chamou a aten\u00e7\u00e3o para a necessidade de uma transforma\u00e7\u00e3o concreta na forma como as institui\u00e7\u00f5es funcionam, defendendo que a burocracia deve ser um instrumento de organiza\u00e7\u00e3o e n\u00e3o ...\t\t\t<\/div>\n\t\t\n\t\t\n\t<\/div>\n\n<\/div>\n\t<\/div>\n\t\n\t<\/div>\n\t\t\t\t<\/div>\n\t\t\t\t<\/div>\n\t\t\t\t<\/div>\n\t\t\t\t\t<\/div>\n\t\t\t\t<\/div>\n\t\t<div class=\"elementor-element elementor-element-1e1e083 e-flex e-con-boxed e-con e-parent\" data-id=\"1e1e083\" data-element_type=\"container\">\n\t\t\t\t\t<div class=\"e-con-inner\">\n\t\t\t\t<div class=\"elementor-element elementor-element-866cda6 anwp-pg-widget-header-style--g anwp-pg-post-teaser__post-icon--size-16 elementor-widget elementor-widget-anwp-pg-classic-grid\" data-id=\"866cda6\" data-element_type=\"widget\" data-widget_type=\"anwp-pg-classic-grid.default\">\n\t\t\t\t<div class=\"elementor-widget-container\">\n\t\t\t\t\t<div class=\"anwp-pg-wrap\">\n\n\t<div class=\"anwp-pg-widget-header d-flex align-items-center position-relative\">\n\t<h3 class=\"d-flex align-items-center flex-wrap anwp-pg-widget-header__title\"> Opini\u00e3o<\/h3>\t<div class=\"anwp-pg-widget-header__secondary-line\"><\/div>\n<\/div>\n\n\t<div class=\"d-flex anwp-row flex-wrap anwp-pg-classic-grid anwp-pg-posts-wrapper\">\n\t\t<div class=\"anwp-pg-post-teaser anwp-pg-post-teaser--inner-cover-link anwp-pg-post-teaser--layout-d d-flex flex-column anwp-col-lg-4 anwp-col-sm-6 anwp-col-12\">\n\t<div class=\"anwp-pg-post-teaser__thumbnail position-relative\">\n\n\t\t\t\t\t<div class=\"anwp-pg-post-teaser__top-meta d-flex flex-column anwp-pg-post-teaser__category-column mr-auto\">\n\t\t\t\t<div class=\"anwp-pg-category__wrapper-filled px-2 d-flex align-items-center anwp-pg-post-teaser__category-wrapper align-self-start anwp-pg-category-parent-0\" style=\"background-color: #1565C0\"><span>Destaque<\/span><\/div><div class=\"anwp-pg-category__wrapper-filled px-2 d-flex align-items-center anwp-pg-post-teaser__category-wrapper align-self-start anwp-pg-category-parent-0\" style=\"background-color: #1565C0\"><span>Opini\u00e3o<\/span><\/div>\t\t\t<\/div>\n\t\t\t\n\t\t\n\t\t\t\t\t<img loading=\"lazy\" class=\"anwp-pg-post-teaser__thumbnail-img d-block anwp-pg-height-180 anwp-object-cover m-0 w-100\"\n\t\t\t\talt=\"FANTASMAS DE GOLPE DE ESTADO ASSOMBRAM A CIDADE ALTA &#8211; HITLER SAMUSUKU\"\n\t\t\t\tsrc=\"https:\/\/jornalfax.net\/wp-content\/uploads\/2026\/04\/images-2.png\"\/>\n\t\t\n\t\t<div class=\"anwp-pg-post-teaser__thumbnail-bg anwp-position-cover\"><\/div>\n\n\t\t<a class=\"anwp-position-cover anwp-link-without-effects\" href=\"https:\/\/jornalfax.net\/index.php\/2026\/04\/09\/fantasmas-de-golpe-de-estado-assombram-a-cidade-alta-hitler-samusuku\/\" aria-hidden=\"true\" ><\/a>\n\t<\/div>\n\n\t<div class=\"anwp-pg-post-teaser__content flex-grow-1 pt-1 d-flex flex-column\">\n\n\t\t<div class=\"anwp-pg-post-teaser__title anwp-font-heading mt-2\">\n\t\t\t<a class=\"anwp-link-without-effects\" href=\"https:\/\/jornalfax.net\/index.php\/2026\/04\/09\/fantasmas-de-golpe-de-estado-assombram-a-cidade-alta-hitler-samusuku\/\" aria-hidden=\"true\" >\n\t\t\t\tFANTASMAS DE GOLPE DE ESTADO ASSOMBRAM A CIDADE ALTA &#8211; HITLER SAMUSUKU\t\t\t<\/a>\n\t\t<\/div>\n\n\t\t<div class=\"anwp-pg-post-teaser__bottom-meta d-flex flex-wrap\">\n\n\t\t\t\t\t\t\t<div class=\"anwp-pg-post-teaser__bottom-meta-item d-flex align-items-center mr-3\">\n\t\t\t\t\t<svg class=\"anwp-pg-icon anwp-pg-icon--s16 mr-1\">\n\t\t\t\t\t\t<use xlink:href=\"#icon-anwp-pg-calendar\"><\/use>\n\t\t\t\t\t<\/svg>\n\t\t\t\t\t<span class=\"posted-on m-0\"><span class=\"screen-reader-text\">Posted on<\/span><time class=\"anwp-pg-published\" datetime=\"2026-04-09T10:48:26-03:00\">9 de abril de 2026<\/time><time class=\"anwp-pg-updated\" datetime=\"2026-04-09T10:48:27-03:00\">9 de abril de 2026<\/time><\/span>\n\t\t\t\t<\/div>\n\t\t\t\t\n\t\t\t\t\t<\/div>\n\n\t\t\t\t\t<div class=\"anwp-pg-post-teaser__excerpt mb-2\">\n\t\t\t\tNum arco de cinquenta anos, a hist\u00f3ria de Angola parece desenhar um movimento circular \u2014 da Guerra Fria cl\u00e1ssica \u00e0s novas disputas silenciosas do s\u00e9culo XXI. Com o apoio da ...\t\t\t<\/div>\n\t\t\n\t\t\n\t<\/div>\n\n<\/div>\n<div class=\"anwp-pg-post-teaser anwp-pg-post-teaser--inner-cover-link anwp-pg-post-teaser--layout-d d-flex flex-column anwp-col-lg-4 anwp-col-sm-6 anwp-col-12\">\n\t<div class=\"anwp-pg-post-teaser__thumbnail position-relative\">\n\n\t\t\t\t\t<div class=\"anwp-pg-post-teaser__top-meta d-flex flex-column anwp-pg-post-teaser__category-column mr-auto\">\n\t\t\t\t<div class=\"anwp-pg-category__wrapper-filled px-2 d-flex align-items-center anwp-pg-post-teaser__category-wrapper align-self-start anwp-pg-category-parent-0\" style=\"background-color: #1565C0\"><span>Destaque<\/span><\/div><div class=\"anwp-pg-category__wrapper-filled px-2 d-flex align-items-center anwp-pg-post-teaser__category-wrapper align-self-start anwp-pg-category-parent-0\" style=\"background-color: #1565C0\"><span>Opini\u00e3o<\/span><\/div>\t\t\t<\/div>\n\t\t\t\n\t\t\n\t\t\t\t\t<img loading=\"lazy\" class=\"anwp-pg-post-teaser__thumbnail-img d-block anwp-pg-height-180 anwp-object-cover m-0 w-100\"\n\t\t\t\talt=\"JORNALISTA OCT\u00c1VIO CAPAPA EM ESTADO DE SA\u00daDE CR\u00cdTICO- JORGE EURICO\"\n\t\t\t\tsrc=\"https:\/\/jornalfax.net\/wp-content\/uploads\/2026\/03\/Screenshot_20260226-233944_1.jpg\"\/>\n\t\t\n\t\t<div class=\"anwp-pg-post-teaser__thumbnail-bg anwp-position-cover\"><\/div>\n\n\t\t<a class=\"anwp-position-cover anwp-link-without-effects\" href=\"https:\/\/jornalfax.net\/index.php\/2026\/03\/05\/jornalista-octavio-capapa-em-estado-de-saude-critico-jorge-eurico\/\" aria-hidden=\"true\" ><\/a>\n\t<\/div>\n\n\t<div class=\"anwp-pg-post-teaser__content flex-grow-1 pt-1 d-flex flex-column\">\n\n\t\t<div class=\"anwp-pg-post-teaser__title anwp-font-heading mt-2\">\n\t\t\t<a class=\"anwp-link-without-effects\" href=\"https:\/\/jornalfax.net\/index.php\/2026\/03\/05\/jornalista-octavio-capapa-em-estado-de-saude-critico-jorge-eurico\/\" aria-hidden=\"true\" >\n\t\t\t\tJORNALISTA OCT\u00c1VIO CAPAPA EM ESTADO DE SA\u00daDE CR\u00cdTICO- JORGE EURICO\t\t\t<\/a>\n\t\t<\/div>\n\n\t\t<div class=\"anwp-pg-post-teaser__bottom-meta d-flex flex-wrap\">\n\n\t\t\t\t\t\t\t<div class=\"anwp-pg-post-teaser__bottom-meta-item d-flex align-items-center mr-3\">\n\t\t\t\t\t<svg class=\"anwp-pg-icon anwp-pg-icon--s16 mr-1\">\n\t\t\t\t\t\t<use xlink:href=\"#icon-anwp-pg-calendar\"><\/use>\n\t\t\t\t\t<\/svg>\n\t\t\t\t\t<span class=\"posted-on m-0\"><span class=\"screen-reader-text\">Posted on<\/span><time class=\"anwp-pg-published\" datetime=\"2026-03-05T08:04:57-03:00\">5 de mar\u00e7o de 2026<\/time><time class=\"anwp-pg-updated\" datetime=\"2026-03-05T08:04:58-03:00\">5 de mar\u00e7o de 2026<\/time><\/span>\n\t\t\t\t<\/div>\n\t\t\t\t\n\t\t\t\t\t<\/div>\n\n\t\t\t\t\t<div class=\"anwp-pg-post-teaser__excerpt mb-2\">\n\t\t\t\tO Presidente da Rep\u00fablica respondeu ao alerta lan\u00e7ado a partir desta tribuna sobre a delicada situa\u00e7\u00e3o de sa\u00fade do jornalista Oct\u00e1vio Capapa. Jo\u00e3o Louren\u00e7o orientou, na passada quinta-feira, a ministra ...\t\t\t<\/div>\n\t\t\n\t\t\n\t<\/div>\n\n<\/div>\n<div class=\"anwp-pg-post-teaser anwp-pg-post-teaser--inner-cover-link anwp-pg-post-teaser--layout-d d-flex flex-column anwp-col-lg-4 anwp-col-sm-6 anwp-col-12\">\n\t<div class=\"anwp-pg-post-teaser__thumbnail position-relative\">\n\n\t\t\t\t\t<div class=\"anwp-pg-post-teaser__top-meta d-flex flex-column anwp-pg-post-teaser__category-column mr-auto\">\n\t\t\t\t<div class=\"anwp-pg-category__wrapper-filled px-2 d-flex align-items-center anwp-pg-post-teaser__category-wrapper align-self-start anwp-pg-category-parent-0\" style=\"background-color: #1565C0\"><span>Destaque<\/span><\/div><div class=\"anwp-pg-category__wrapper-filled px-2 d-flex align-items-center anwp-pg-post-teaser__category-wrapper align-self-start anwp-pg-category-parent-0\" style=\"background-color: #1565C0\"><span>Opini\u00e3o<\/span><\/div>\t\t\t<\/div>\n\t\t\t\n\t\t\n\t\t\t\t\t<img loading=\"lazy\" class=\"anwp-pg-post-teaser__thumbnail-img d-block anwp-pg-height-180 anwp-object-cover m-0 w-100\"\n\t\t\t\talt=\"TODO POL\u00cdTICO IGNORANTE \u00c9 PERIGOSO E AVENTUREIRO &#8211; KAMALATA NUMA\"\n\t\t\t\tsrc=\"https:\/\/jornalfax.net\/wp-content\/uploads\/2026\/01\/e60f638413afa1732daec0074ae20c27_L.jpg\"\/>\n\t\t\n\t\t<div class=\"anwp-pg-post-teaser__thumbnail-bg anwp-position-cover\"><\/div>\n\n\t\t<a class=\"anwp-position-cover anwp-link-without-effects\" href=\"https:\/\/jornalfax.net\/index.php\/2026\/01\/05\/todo-politico-ignorante-e-perigoso-e-aventureiro-kamalata-numa\/\" aria-hidden=\"true\" ><\/a>\n\t<\/div>\n\n\t<div class=\"anwp-pg-post-teaser__content flex-grow-1 pt-1 d-flex flex-column\">\n\n\t\t<div class=\"anwp-pg-post-teaser__title anwp-font-heading mt-2\">\n\t\t\t<a class=\"anwp-link-without-effects\" href=\"https:\/\/jornalfax.net\/index.php\/2026\/01\/05\/todo-politico-ignorante-e-perigoso-e-aventureiro-kamalata-numa\/\" aria-hidden=\"true\" >\n\t\t\t\tTODO POL\u00cdTICO IGNORANTE \u00c9 PERIGOSO E AVENTUREIRO &#8211; KAMALATA NUMA\t\t\t<\/a>\n\t\t<\/div>\n\n\t\t<div class=\"anwp-pg-post-teaser__bottom-meta d-flex flex-wrap\">\n\n\t\t\t\t\t\t\t<div class=\"anwp-pg-post-teaser__bottom-meta-item d-flex align-items-center mr-3\">\n\t\t\t\t\t<svg class=\"anwp-pg-icon anwp-pg-icon--s16 mr-1\">\n\t\t\t\t\t\t<use xlink:href=\"#icon-anwp-pg-calendar\"><\/use>\n\t\t\t\t\t<\/svg>\n\t\t\t\t\t<span class=\"posted-on m-0\"><span class=\"screen-reader-text\">Posted on<\/span><time class=\"anwp-pg-published\" datetime=\"2026-01-05T13:37:00-03:00\">5 de janeiro de 2026<\/time><time class=\"anwp-pg-updated\" datetime=\"2026-01-05T13:37:01-03:00\">5 de janeiro de 2026<\/time><\/span>\n\t\t\t\t<\/div>\n\t\t\t\t\n\t\t\t\t\t<\/div>\n\n\t\t\t\t\t<div class=\"anwp-pg-post-teaser__excerpt mb-2\">\n\t\t\t\tA ignor\u00e2ncia pol\u00edtica n\u00e3o \u00e9 apenas uma falha individual de compreens\u00e3o da realidade; ela transforma-se, muitas vezes, num perigo colectivo. Quando revestida de arrog\u00e2ncia intelectual, torna-se ainda mais nociva. Muitos ...\t\t\t<\/div>\n\t\t\n\t\t\n\t<\/div>\n\n<\/div>\n\t<\/div>\n\t\n\t<\/div>\n\t\t\t\t<\/div>\n\t\t\t\t<\/div>\n\t\t\t\t\t<\/div>\n\t\t\t\t<\/div>\n\t\t\t\t<\/div>\n\t\t","protected":false},"excerpt":{"rendered":"<p>Jornal Fax JORNAL FAX \u00e9 um \u00d3rg\u00e3o de Comunica\u00e7\u00e3o Social de Direito Angolano, registado sob o n\u00ba MCS-874\/B\/2018. Director Pedro Vicente jornalfax2@gmail.com Actualidade ActualidadeDestaque ASSASSINATOS NO CUANZA NORTE: POL\u00cdCIA DET\u00c9M DEPUTADOS DA OPOSI\u00c7\u00c3O QUE PRETENDIAM MARCHAR CONTRA AS MORTES DE IDOSAS Posted on16 de fevereiro de 202516 de fevereiro de 2025 Agentes da Pol\u00edcia Nacional [&hellip;]<\/p>\n<div class='heateor_sss_sharing_container heateor_sss_vertical_sharing heateor_sss_bottom_sharing' style='width:44px;left: -10px;top: 100px;-webkit-box-shadow:none;box-shadow:none;' data-heateor-sss-href='https:\/\/jornalfax.net\/index.php\/wp-json\/wp\/v2\/pages\/693'><div class=\"heateor_sss_sharing_ul\"><a aria-label=\"Facebook\" class=\"heateor_sss_facebook\" href=\"https:\/\/www.facebook.com\/sharer\/sharer.php?u=https%3A%2F%2Fjornalfax.net%2Findex.php%2Fwp-json%2Fwp%2Fv2%2Fpages%2F693\" title=\"Facebook\" rel=\"nofollow noopener\" target=\"_blank\" style=\"font-size:32px!important;box-shadow:none;display:inline-block;vertical-align:middle\"><span class=\"heateor_sss_svg\" style=\"background-color:#0765FE;width:40px;height:40px;margin:0;display:inline-block;opacity:1;float:left;font-size:32px;box-shadow:none;display:inline-block;font-size:16px;padding:0 4px;vertical-align:middle;background-repeat:repeat;overflow:hidden;padding:0;cursor:pointer;box-sizing:content-box\"><svg style=\"display:block;\" focusable=\"false\" aria-hidden=\"true\" xmlns=\"http:\/\/www.w3.org\/2000\/svg\" width=\"100%\" height=\"100%\" viewBox=\"0 0 32 32\"><path fill=\"#fff\" d=\"M28 16c0-6.627-5.373-12-12-12S4 9.373 4 16c0 5.628 3.875 10.35 9.101 11.647v-7.98h-2.474V16H13.1v-1.58c0-4.085 1.849-5.978 5.859-5.978.76 0 2.072.15 2.608.298v3.325c-.283-.03-.775-.045-1.386-.045-1.967 0-2.728.745-2.728 2.683V16h3.92l-.673 3.667h-3.247v8.245C23.395 27.195 28 22.135 28 16Z\"><\/path><\/svg><\/span><\/a><a aria-label=\"X\" class=\"heateor_sss_button_x\" href=\"https:\/\/twitter.com\/intent\/tweet?text=%20-%20&url=https%3A%2F%2Fjornalfax.net%2Findex.php%2Fwp-json%2Fwp%2Fv2%2Fpages%2F693\" title=\"X\" rel=\"nofollow noopener\" target=\"_blank\" style=\"font-size:32px!important;box-shadow:none;display:inline-block;vertical-align:middle\"><span class=\"heateor_sss_svg heateor_sss_s__default heateor_sss_s_x\" style=\"background-color:#2a2a2a;width:40px;height:40px;margin:0;display:inline-block;opacity:1;float:left;font-size:32px;box-shadow:none;display:inline-block;font-size:16px;padding:0 4px;vertical-align:middle;background-repeat:repeat;overflow:hidden;padding:0;cursor:pointer;box-sizing:content-box\"><svg width=\"100%\" height=\"100%\" style=\"display:block;\" focusable=\"false\" aria-hidden=\"true\" xmlns=\"http:\/\/www.w3.org\/2000\/svg\" viewBox=\"0 0 32 32\"><path fill=\"#fff\" d=\"M21.751 7h3.067l-6.7 7.658L26 25.078h-6.172l-4.833-6.32-5.531 6.32h-3.07l7.167-8.19L6 7h6.328l4.37 5.777L21.75 7Zm-1.076 16.242h1.7L11.404 8.74H9.58l11.094 14.503Z\"><\/path><\/svg><\/span><\/a><a aria-label=\"Reddit\" class=\"heateor_sss_button_reddit\" href=\"http:\/\/reddit.com\/submit?url=https%3A%2F%2Fjornalfax.net%2Findex.php%2Fwp-json%2Fwp%2Fv2%2Fpages%2F693&title=%20-%20\" title=\"Reddit\" rel=\"nofollow noopener\" target=\"_blank\" style=\"font-size:32px!important;box-shadow:none;display:inline-block;vertical-align:middle\"><span class=\"heateor_sss_svg heateor_sss_s__default heateor_sss_s_reddit\" style=\"background-color:#ff5700;width:40px;height:40px;margin:0;display:inline-block;opacity:1;float:left;font-size:32px;box-shadow:none;display:inline-block;font-size:16px;padding:0 4px;vertical-align:middle;background-repeat:repeat;overflow:hidden;padding:0;cursor:pointer;box-sizing:content-box\"><svg style=\"display:block;\" focusable=\"false\" aria-hidden=\"true\" xmlns=\"http:\/\/www.w3.org\/2000\/svg\" width=\"100%\" height=\"100%\" viewBox=\"-3.5 -3.5 39 39\"><path d=\"M28.543 15.774a2.953 2.953 0 0 0-2.951-2.949 2.882 2.882 0 0 0-1.9.713 14.075 14.075 0 0 0-6.85-2.044l1.38-4.349 3.768.884a2.452 2.452 0 1 0 .24-1.176l-4.274-1a.6.6 0 0 0-.709.4l-1.659 5.224a14.314 14.314 0 0 0-7.316 2.029 2.908 2.908 0 0 0-1.872-.681 2.942 2.942 0 0 0-1.618 5.4 5.109 5.109 0 0 0-.062.765c0 4.158 5.037 7.541 11.229 7.541s11.22-3.383 11.22-7.541a5.2 5.2 0 0 0-.053-.706 2.963 2.963 0 0 0 1.427-2.51zm-18.008 1.88a1.753 1.753 0 0 1 1.73-1.74 1.73 1.73 0 0 1 1.709 1.74 1.709 1.709 0 0 1-1.709 1.711 1.733 1.733 0 0 1-1.73-1.711zm9.565 4.968a5.573 5.573 0 0 1-4.081 1.272h-.032a5.576 5.576 0 0 1-4.087-1.272.6.6 0 0 1 .844-.854 4.5 4.5 0 0 0 3.238.927h.032a4.5 4.5 0 0 0 3.237-.927.6.6 0 1 1 .844.854zm-.331-3.256a1.726 1.726 0 1 1 1.709-1.712 1.717 1.717 0 0 1-1.712 1.712z\" fill=\"#fff\"\/><\/svg><\/span><\/a><a aria-label=\"Linkedin\" class=\"heateor_sss_button_linkedin\" href=\"https:\/\/www.linkedin.com\/sharing\/share-offsite\/?url=https%3A%2F%2Fjornalfax.net%2Findex.php%2Fwp-json%2Fwp%2Fv2%2Fpages%2F693\" title=\"Linkedin\" rel=\"nofollow noopener\" target=\"_blank\" style=\"font-size:32px!important;box-shadow:none;display:inline-block;vertical-align:middle\"><span class=\"heateor_sss_svg heateor_sss_s__default heateor_sss_s_linkedin\" style=\"background-color:#0077b5;width:40px;height:40px;margin:0;display:inline-block;opacity:1;float:left;font-size:32px;box-shadow:none;display:inline-block;font-size:16px;padding:0 4px;vertical-align:middle;background-repeat:repeat;overflow:hidden;padding:0;cursor:pointer;box-sizing:content-box\"><svg style=\"display:block;\" focusable=\"false\" aria-hidden=\"true\" xmlns=\"http:\/\/www.w3.org\/2000\/svg\" width=\"100%\" height=\"100%\" viewBox=\"0 0 32 32\"><path d=\"M6.227 12.61h4.19v13.48h-4.19V12.61zm2.095-6.7a2.43 2.43 0 0 1 0 4.86c-1.344 0-2.428-1.09-2.428-2.43s1.084-2.43 2.428-2.43m4.72 6.7h4.02v1.84h.058c.56-1.058 1.927-2.176 3.965-2.176 4.238 0 5.02 2.792 5.02 6.42v7.395h-4.183v-6.56c0-1.564-.03-3.574-2.178-3.574-2.18 0-2.514 1.7-2.514 3.46v6.668h-4.187V12.61z\" fill=\"#fff\"><\/path><\/svg><\/span><\/a><a aria-label=\"Pinterest\" class=\"heateor_sss_button_pinterest\" href=\"https:\/\/jornalfax.net\/index.php\/wp-json\/wp\/v2\/pages\/693\" onclick=\"event.preventDefault();javascript:void( (function() {var e=document.createElement('script' );e.setAttribute('type','text\/javascript' );e.setAttribute('charset','UTF-8' );e.setAttribute('src','\/\/assets.pinterest.com\/js\/pinmarklet.js?r='+Math.random()*99999999);document.body.appendChild(e)})());\" title=\"Pinterest\" rel=\"noopener\" style=\"font-size:32px!important;box-shadow:none;display:inline-block;vertical-align:middle\"><span class=\"heateor_sss_svg heateor_sss_s__default heateor_sss_s_pinterest\" style=\"background-color:#cc2329;width:40px;height:40px;margin:0;display:inline-block;opacity:1;float:left;font-size:32px;box-shadow:none;display:inline-block;font-size:16px;padding:0 4px;vertical-align:middle;background-repeat:repeat;overflow:hidden;padding:0;cursor:pointer;box-sizing:content-box\"><svg style=\"display:block;\" focusable=\"false\" aria-hidden=\"true\" xmlns=\"http:\/\/www.w3.org\/2000\/svg\" width=\"100%\" height=\"100%\" viewBox=\"-2 -2 35 35\"><path fill=\"#fff\" d=\"M16.539 4.5c-6.277 0-9.442 4.5-9.442 8.253 0 2.272.86 4.293 2.705 5.046.303.125.574.005.662-.33.061-.231.205-.816.27-1.06.088-.331.053-.447-.191-.736-.532-.627-.873-1.439-.873-2.591 0-3.338 2.498-6.327 6.505-6.327 3.548 0 5.497 2.168 5.497 5.062 0 3.81-1.686 7.025-4.188 7.025-1.382 0-2.416-1.142-2.085-2.545.397-1.674 1.166-3.48 1.166-4.689 0-1.081-.581-1.983-1.782-1.983-1.413 0-2.548 1.462-2.548 3.419 0 1.247.421 2.091.421 2.091l-1.699 7.199c-.505 2.137-.076 4.755-.039 5.019.021.158.223.196.314.077.13-.17 1.813-2.247 2.384-4.324.162-.587.929-3.631.929-3.631.46.876 1.801 1.646 3.227 1.646 4.247 0 7.128-3.871 7.128-9.053.003-3.918-3.317-7.568-8.361-7.568z\"\/><\/svg><\/span><\/a><a aria-label=\"Mastodon\" class=\"heateor_sss_button_mastodon\" href=\"https:\/\/mastodon.social\/share?text=https%3A%2F%2Fjornalfax.net%2Findex.php%2Fwp-json%2Fwp%2Fv2%2Fpages%2F693&title=%20-%20\" title=\"Mastodon\" rel=\"nofollow noopener\" target=\"_blank\" style=\"font-size:32px!important;box-shadow:none;display:inline-block;vertical-align:middle\"><span class=\"heateor_sss_svg heateor_sss_s__default heateor_sss_s_mastodon\" style=\"background-color:#6364FF;width:40px;height:40px;margin:0;display:inline-block;opacity:1;float:left;font-size:32px;box-shadow:none;display:inline-block;font-size:16px;padding:0 4px;vertical-align:middle;background-repeat:repeat;overflow:hidden;padding:0;cursor:pointer;box-sizing:content-box\"><svg style=\"display:block;\" focusable=\"false\" aria-hidden=\"true\" xmlns=\"http:\/\/www.w3.org\/2000\/svg\" width=\"100%\" height=\"100%\" viewBox=\"-3.5 -3.5 39 39\"><path d=\"M27 12c0-5.12-3.35-6.62-3.35-6.62C22 4.56 19.05 4.23 16 4.21c-3 0-5.92.35-7.61 1.12C8.36 5.33 5 6.83 5 12v4c.12 5 .92 9.93 5.54 11.16a17.67 17.67 0 005.44.6 10.88 10.88 0 004.18-.95l-.09-1.95a13.36 13.36 0 01-4.07.54c-2.12-.07-4.37-.23-4.71-2.84a5.58 5.58 0 01-.05-.73 27.46 27.46 0 004.73.63 26.76 26.76 0 004.68-.28c3-.35 5.53-2.17 5.85-3.83A39.25 39.25 0 0027 12zm-3.95 6.59h-2.46v-6c0-1.27-.53-1.91-1.6-1.91s-1.77.76-1.77 2.27v3.29h-2.44v-3.35c0-1.51-.59-2.27-1.77-2.27s-1.6.64-1.6 1.91v6H9v-6.18a4.49 4.49 0 011-3 3.39 3.39 0 012.63-1.12 3.17 3.17 0 012.84 1.44l.61 1 .61-1a3.17 3.17 0 012.84-1.44 3.39 3.39 0 012.63 1.12 4.49 4.49 0 011 3z\" fill=\"#fff\"><\/path><\/svg><\/span><\/a><a aria-label=\"Mix\" class=\"heateor_sss_button_mix\" href=\"https:\/\/mix.com\/mixit?url=https%3A%2F%2Fjornalfax.net%2Findex.php%2Fwp-json%2Fwp%2Fv2%2Fpages%2F693\" title=\"Mix\" rel=\"nofollow noopener\" target=\"_blank\" style=\"font-size:32px!important;box-shadow:none;display:inline-block;vertical-align:middle\"><span class=\"heateor_sss_svg heateor_sss_s__default heateor_sss_s_mix\" style=\"background-color:#ff8226;width:40px;height:40px;margin:0;display:inline-block;opacity:1;float:left;font-size:32px;box-shadow:none;display:inline-block;font-size:16px;padding:0 4px;vertical-align:middle;background-repeat:repeat;overflow:hidden;padding:0;cursor:pointer;box-sizing:content-box\"><svg focusable=\"false\" aria-hidden=\"true\" xmlns=\"http:\/\/www.w3.org\/2000\/svg\" width=\"100%\" height=\"100%\" viewBox=\"-7 -8 45 45\"><g fill=\"#fff\"><path opacity=\".8\" d=\"M27.87 4.125c-5.224 0-9.467 4.159-9.467 9.291v2.89c0-1.306 1.074-2.362 2.399-2.362s2.399 1.056 2.399 2.362v1.204c0 1.306 1.074 2.362 2.399 2.362s2.399-1.056 2.399-2.362V4.134c-.036-.009-.082-.009-.129-.009\"\/><path d=\"M4 4.125v12.94c2.566 0 4.668-1.973 4.807-4.465v-2.214c0-.065 0-.12.009-.176.093-1.213 1.13-2.177 2.39-2.177 1.325 0 2.399 1.056 2.399 2.362v9.226c0 1.306 1.074 2.353 2.399 2.353s2.399-1.056 2.399-2.353v-6.206c0-5.132 4.233-9.291 9.467-9.291H4z\"\/><path opacity=\".8\" d=\"M4 17.074v8.438c0 1.306 1.074 2.362 2.399 2.362s2.399-1.056 2.399-2.362V12.61C8.659 15.102 6.566 17.074 4 17.074\"\/><\/g><\/svg><\/span><\/a><a aria-label=\"Whatsapp\" class=\"heateor_sss_whatsapp\" href=\"https:\/\/api.whatsapp.com\/send?text=%20-%20%20https%3A%2F%2Fjornalfax.net%2Findex.php%2Fwp-json%2Fwp%2Fv2%2Fpages%2F693\" title=\"Whatsapp\" rel=\"nofollow noopener\" target=\"_blank\" style=\"font-size:32px!important;box-shadow:none;display:inline-block;vertical-align:middle\"><span class=\"heateor_sss_svg\" style=\"background-color:#55eb4c;width:40px;height:40px;margin:0;display:inline-block;opacity:1;float:left;font-size:32px;box-shadow:none;display:inline-block;font-size:16px;padding:0 4px;vertical-align:middle;background-repeat:repeat;overflow:hidden;padding:0;cursor:pointer;box-sizing:content-box\"><svg style=\"display:block;\" focusable=\"false\" aria-hidden=\"true\" xmlns=\"http:\/\/www.w3.org\/2000\/svg\" width=\"100%\" height=\"100%\" viewBox=\"-6 -5 40 40\"><path class=\"heateor_sss_svg_stroke heateor_sss_no_fill\" stroke=\"#fff\" stroke-width=\"2\" fill=\"none\" d=\"M 11.579798566743314 24.396926207859085 A 10 10 0 1 0 6.808479557110079 20.73576436351046\"><\/path><path d=\"M 7 19 l -1 6 l 6 -1\" class=\"heateor_sss_no_fill heateor_sss_svg_stroke\" stroke=\"#fff\" stroke-width=\"2\" fill=\"none\"><\/path><path d=\"M 10 10 q -1 8 8 11 c 5 -1 0 -6 -1 -3 q -4 -3 -5 -5 c 4 -2 -1 -5 -1 -4\" fill=\"#fff\"><\/path><\/svg><\/span><\/a><a class=\"heateor_sss_more\" aria-label=\"More\" title=\"More\" rel=\"nofollow noopener\" style=\"font-size: 32px!important;border:0;box-shadow:none;display:inline-block!important;font-size:16px;padding:0 4px;vertical-align: middle;display:inline;\" href=\"https:\/\/jornalfax.net\/index.php\/wp-json\/wp\/v2\/pages\/693\" onclick=\"event.preventDefault()\"><span class=\"heateor_sss_svg\" style=\"background-color:#ee8e2d;width:40px;height:40px;margin:0;display:inline-block!important;opacity:1;float:left;font-size:32px!important;box-shadow:none;display:inline-block;font-size:16px;padding:0 4px;vertical-align:middle;display:inline;background-repeat:repeat;overflow:hidden;padding:0;cursor:pointer;box-sizing:content-box;\" onclick=\"heateorSssMoreSharingPopup(this, 'https:\/\/jornalfax.net\/index.php\/wp-json\/wp\/v2\/pages\/693', '%20-%20', '' )\"><svg xmlns=\"http:\/\/www.w3.org\/2000\/svg\" xmlns:xlink=\"http:\/\/www.w3.org\/1999\/xlink\" viewBox=\"-.3 0 32 32\" version=\"1.1\" width=\"100%\" height=\"100%\" style=\"display:block;\" xml:space=\"preserve\"><g><path fill=\"#fff\" d=\"M18 14V8h-4v6H8v4h6v6h4v-6h6v-4h-6z\" fill-rule=\"evenodd\"><\/path><\/g><\/svg><\/span><\/a><\/div><div class=\"heateorSssClear\"><\/div><\/div>","protected":false},"author":2,"featured_media":0,"parent":0,"menu_order":0,"comment_status":"closed","ping_status":"closed","template":"elementor_header_footer","meta":{"footnotes":""},"class_list":["post-693","page","type-page","status-publish","hentry"],"yoast_head":"<!-- This site is optimized with the Yoast SEO plugin v24.3 - https:\/\/yoast.com\/wordpress\/plugins\/seo\/ -->\n<title>home -<\/title>\n<meta name=\"robots\" content=\"index, follow, max-snippet:-1, max-image-preview:large, max-video-preview:-1\" \/>\n<link rel=\"canonical\" href=\"https:\/\/jornalfax.net\/\" \/>\n<meta property=\"og:locale\" content=\"pt_BR\" \/>\n<meta property=\"og:type\" content=\"article\" \/>\n<meta property=\"og:title\" content=\"home -\" \/>\n<meta property=\"og:description\" content=\"Jornal Fax JORNAL FAX \u00e9 um \u00d3rg\u00e3o de Comunica\u00e7\u00e3o Social de Direito Angolano, registado sob o n\u00ba MCS-874\/B\/2018. Director Pedro Vicente jornalfax2@gmail.com Actualidade ActualidadeDestaque ASSASSINATOS NO CUANZA NORTE: POL\u00cdCIA DET\u00c9M DEPUTADOS DA OPOSI\u00c7\u00c3O QUE PRETENDIAM MARCHAR CONTRA AS MORTES DE IDOSAS Posted on16 de fevereiro de 202516 de fevereiro de 2025 Agentes da Pol\u00edcia Nacional [&hellip;]\" \/>\n<meta property=\"og:url\" content=\"https:\/\/jornalfax.net\/\" \/>\n<meta property=\"article:modified_time\" content=\"2025-02-16T20:34:41+00:00\" \/>\n<meta property=\"og:image\" content=\"https:\/\/jornalfax.net\/wp-content\/uploads\/elementor\/thumbs\/cropped-Jrnal-fax-sem-fundo-e1706964890421-qj9letw2gz8nyb7fjmk9kkj2w1q8li15ys04pe6rxk.png\" \/>\n<meta name=\"twitter:card\" content=\"summary_large_image\" \/>\n<meta name=\"twitter:label1\" content=\"Est. tempo de leitura\" \/>\n\t<meta name=\"twitter:data1\" content=\"18 minutos\" \/>\n<script type=\"application\/ld+json\" class=\"yoast-schema-graph\">{\"@context\":\"https:\/\/schema.org\",\"@graph\":[{\"@type\":\"WebPage\",\"@id\":\"https:\/\/jornalfax.net\/\",\"url\":\"https:\/\/jornalfax.net\/\",\"name\":\"home -\",\"isPartOf\":{\"@id\":\"https:\/\/jornalfax.net\/#website\"},\"primaryImageOfPage\":{\"@id\":\"https:\/\/jornalfax.net\/#primaryimage\"},\"image\":{\"@id\":\"https:\/\/jornalfax.net\/#primaryimage\"},\"thumbnailUrl\":\"https:\/\/jornalfax.net\/wp-content\/uploads\/elementor\/thumbs\/cropped-Jrnal-fax-sem-fundo-e1706964890421-qj9letw2gz8nyb7fjmk9kkj2w1q8li15ys04pe6rxk.png\",\"datePublished\":\"2023-12-11T10:34:54+00:00\",\"dateModified\":\"2025-02-16T20:34:41+00:00\",\"breadcrumb\":{\"@id\":\"https:\/\/jornalfax.net\/#breadcrumb\"},\"inLanguage\":\"pt-BR\",\"potentialAction\":[{\"@type\":\"ReadAction\",\"target\":[\"https:\/\/jornalfax.net\/\"]}]},{\"@type\":\"ImageObject\",\"inLanguage\":\"pt-BR\",\"@id\":\"https:\/\/jornalfax.net\/#primaryimage\",\"url\":\"https:\/\/jornalfax.net\/wp-content\/uploads\/elementor\/thumbs\/cropped-Jrnal-fax-sem-fundo-e1706964890421-qj9letw2gz8nyb7fjmk9kkj2w1q8li15ys04pe6rxk.png\",\"contentUrl\":\"https:\/\/jornalfax.net\/wp-content\/uploads\/elementor\/thumbs\/cropped-Jrnal-fax-sem-fundo-e1706964890421-qj9letw2gz8nyb7fjmk9kkj2w1q8li15ys04pe6rxk.png\"},{\"@type\":\"BreadcrumbList\",\"@id\":\"https:\/\/jornalfax.net\/#breadcrumb\",\"itemListElement\":[{\"@type\":\"ListItem\",\"position\":1,\"name\":\"In\u00edcio\",\"item\":\"https:\/\/jornalfax.net\/\"},{\"@type\":\"ListItem\",\"position\":2,\"name\":\"home\"}]},{\"@type\":\"WebSite\",\"@id\":\"https:\/\/jornalfax.net\/#website\",\"url\":\"https:\/\/jornalfax.net\/\",\"name\":\"\",\"description\":\"\",\"potentialAction\":[{\"@type\":\"SearchAction\",\"target\":{\"@type\":\"EntryPoint\",\"urlTemplate\":\"https:\/\/jornalfax.net\/?s={search_term_string}\"},\"query-input\":{\"@type\":\"PropertyValueSpecification\",\"valueRequired\":true,\"valueName\":\"search_term_string\"}}],\"inLanguage\":\"pt-BR\"}]}<\/script>\n<!-- \/ Yoast SEO plugin. -->","yoast_head_json":{"title":"home -","robots":{"index":"index","follow":"follow","max-snippet":"max-snippet:-1","max-image-preview":"max-image-preview:large","max-video-preview":"max-video-preview:-1"},"canonical":"https:\/\/jornalfax.net\/","og_locale":"pt_BR","og_type":"article","og_title":"home -","og_description":"Jornal Fax JORNAL FAX \u00e9 um \u00d3rg\u00e3o de Comunica\u00e7\u00e3o Social de Direito Angolano, registado sob o n\u00ba MCS-874\/B\/2018. Director Pedro Vicente jornalfax2@gmail.com Actualidade ActualidadeDestaque ASSASSINATOS NO CUANZA NORTE: POL\u00cdCIA DET\u00c9M DEPUTADOS DA OPOSI\u00c7\u00c3O QUE PRETENDIAM MARCHAR CONTRA AS MORTES DE IDOSAS Posted on16 de fevereiro de 202516 de fevereiro de 2025 Agentes da Pol\u00edcia Nacional [&hellip;]","og_url":"https:\/\/jornalfax.net\/","article_modified_time":"2025-02-16T20:34:41+00:00","og_image":[{"url":"https:\/\/jornalfax.net\/wp-content\/uploads\/elementor\/thumbs\/cropped-Jrnal-fax-sem-fundo-e1706964890421-qj9letw2gz8nyb7fjmk9kkj2w1q8li15ys04pe6rxk.png","type":"","width":"","height":""}],"twitter_card":"summary_large_image","twitter_misc":{"Est. tempo de leitura":"18 minutos"},"schema":{"@context":"https:\/\/schema.org","@graph":[{"@type":"WebPage","@id":"https:\/\/jornalfax.net\/","url":"https:\/\/jornalfax.net\/","name":"home -","isPartOf":{"@id":"https:\/\/jornalfax.net\/#website"},"primaryImageOfPage":{"@id":"https:\/\/jornalfax.net\/#primaryimage"},"image":{"@id":"https:\/\/jornalfax.net\/#primaryimage"},"thumbnailUrl":"https:\/\/jornalfax.net\/wp-content\/uploads\/elementor\/thumbs\/cropped-Jrnal-fax-sem-fundo-e1706964890421-qj9letw2gz8nyb7fjmk9kkj2w1q8li15ys04pe6rxk.png","datePublished":"2023-12-11T10:34:54+00:00","dateModified":"2025-02-16T20:34:41+00:00","breadcrumb":{"@id":"https:\/\/jornalfax.net\/#breadcrumb"},"inLanguage":"pt-BR","potentialAction":[{"@type":"ReadAction","target":["https:\/\/jornalfax.net\/"]}]},{"@type":"ImageObject","inLanguage":"pt-BR","@id":"https:\/\/jornalfax.net\/#primaryimage","url":"https:\/\/jornalfax.net\/wp-content\/uploads\/elementor\/thumbs\/cropped-Jrnal-fax-sem-fundo-e1706964890421-qj9letw2gz8nyb7fjmk9kkj2w1q8li15ys04pe6rxk.png","contentUrl":"https:\/\/jornalfax.net\/wp-content\/uploads\/elementor\/thumbs\/cropped-Jrnal-fax-sem-fundo-e1706964890421-qj9letw2gz8nyb7fjmk9kkj2w1q8li15ys04pe6rxk.png"},{"@type":"BreadcrumbList","@id":"https:\/\/jornalfax.net\/#breadcrumb","itemListElement":[{"@type":"ListItem","position":1,"name":"In\u00edcio","item":"https:\/\/jornalfax.net\/"},{"@type":"ListItem","position":2,"name":"home"}]},{"@type":"WebSite","@id":"https:\/\/jornalfax.net\/#website","url":"https:\/\/jornalfax.net\/","name":"","description":"","potentialAction":[{"@type":"SearchAction","target":{"@type":"EntryPoint","urlTemplate":"https:\/\/jornalfax.net\/?s={search_term_string}"},"query-input":{"@type":"PropertyValueSpecification","valueRequired":true,"valueName":"search_term_string"}}],"inLanguage":"pt-BR"}]}},"_links":{"self":[{"href":"https:\/\/jornalfax.net\/index.php\/wp-json\/wp\/v2\/pages\/693","targetHints":{"allow":["GET"]}}],"collection":[{"href":"https:\/\/jornalfax.net\/index.php\/wp-json\/wp\/v2\/pages"}],"about":[{"href":"https:\/\/jornalfax.net\/index.php\/wp-json\/wp\/v2\/types\/page"}],"author":[{"embeddable":true,"href":"https:\/\/jornalfax.net\/index.php\/wp-json\/wp\/v2\/users\/2"}],"replies":[{"embeddable":true,"href":"https:\/\/jornalfax.net\/index.php\/wp-json\/wp\/v2\/comments?post=693"}],"version-history":[{"count":226,"href":"https:\/\/jornalfax.net\/index.php\/wp-json\/wp\/v2\/pages\/693\/revisions"}],"predecessor-version":[{"id":4421,"href":"https:\/\/jornalfax.net\/index.php\/wp-json\/wp\/v2\/pages\/693\/revisions\/4421"}],"wp:attachment":[{"href":"https:\/\/jornalfax.net\/index.php\/wp-json\/wp\/v2\/media?parent=693"}],"curies":[{"name":"wp","href":"https:\/\/api.w.org\/{rel}","templated":true}]}}