{"version":"1.0","provider_name":"","provider_url":"https:\/\/jornalfax.net","author_name":"jornalfax.net","author_url":"https:\/\/jornalfax.net\/index.php\/author\/jornalfax-net\/","title":"JO\u00c3O LOUREN\u00c7O EXONERA SECRET\u00c1RIOS DA PRESIDENCIA \u00a0 -","type":"rich","width":600,"height":338,"html":"<blockquote class=\"wp-embedded-content\" data-secret=\"74PUq45HZc\"><a href=\"https:\/\/jornalfax.net\/index.php\/2024\/04\/03\/joao-lourenco-exonera-secretarios-da-presidencia\/\">JO\u00c3O LOUREN\u00c7O EXONERA SECRET\u00c1RIOS DA PRESIDENCIA \u00a0<\/a><\/blockquote><iframe sandbox=\"allow-scripts\" security=\"restricted\" src=\"https:\/\/jornalfax.net\/index.php\/2024\/04\/03\/joao-lourenco-exonera-secretarios-da-presidencia\/embed\/#?secret=74PUq45HZc\" width=\"600\" height=\"338\" title=\"&#8220;JO\u00c3O LOUREN\u00c7O EXONERA SECRET\u00c1RIOS DA PRESIDENCIA \u00a0&#8221; &#8212; \" data-secret=\"74PUq45HZc\" frameborder=\"0\" marginwidth=\"0\" marginheight=\"0\" scrolling=\"no\" class=\"wp-embedded-content\"><\/iframe><script>\n\/*! This file is auto-generated *\/\n!function(d,l){\"use strict\";l.querySelector&&d.addEventListener&&\"undefined\"!=typeof URL&&(d.wp=d.wp||{},d.wp.receiveEmbedMessage||(d.wp.receiveEmbedMessage=function(e){var t=e.data;if((t||t.secret||t.message||t.value)&&!\/[^a-zA-Z0-9]\/.test(t.secret)){for(var s,r,n,a=l.querySelectorAll('iframe[data-secret=\"'+t.secret+'\"]'),o=l.querySelectorAll('blockquote[data-secret=\"'+t.secret+'\"]'),c=new RegExp(\"^https?:$\",\"i\"),i=0;i<o.length;i++)o[i].style.display=\"none\";for(i=0;i<a.length;i++)s=a[i],e.source===s.contentWindow&&(s.removeAttribute(\"style\"),\"height\"===t.message?(1e3<(r=parseInt(t.value,10))?r=1e3:~~r<200&&(r=200),s.height=r):\"link\"===t.message&&(r=new URL(s.getAttribute(\"src\")),n=new URL(t.value),c.test(n.protocol))&&n.host===r.host&&l.activeElement===s&&(d.top.location.href=t.value))}},d.addEventListener(\"message\",d.wp.receiveEmbedMessage,!1),l.addEventListener(\"DOMContentLoaded\",function(){for(var e,t,s=l.querySelectorAll(\"iframe.wp-embedded-content\"),r=0;r<s.length;r++)(t=(e=s[r]).getAttribute(\"data-secret\"))||(t=Math.random().toString(36).substring(2,12),e.src+=\"#?secret=\"+t,e.setAttribute(\"data-secret\",t)),e.contentWindow.postMessage({message:\"ready\",secret:t},\"*\")},!1)))}(window,document);\n<\/script>\n","thumbnail_url":"http:\/\/jornalfax.net\/wp-content\/uploads\/2024\/04\/transferir-25.jpg","thumbnail_width":275,"thumbnail_height":183,"description":"O Presidente da Rep\u00fablica Jo\u00e3o Louren\u00e7o, exonerou hoje, 03 de Mar\u00e7o do corrente ano, Maria de F\u00e1tima Republicano de Lima Viegas, do cargo de Secret\u00e1ria do Presidente da Rep\u00fablica para os Assuntos Sociais, diz a missiva que o Jornal Fax teve acesso. &nbsp;JORNAL FAX: PASCOAL ZUA Segundo a fonte, para a sua substitui\u00e7\u00e3o o Chefe [&hellip;]"}